{"id":1586,"date":"2024-07-16T09:05:17","date_gmt":"2024-07-16T09:05:17","guid":{"rendered":"https:\/\/alliancefraoste.it\/news\/"},"modified":"2024-07-16T12:19:04","modified_gmt":"2024-07-16T12:19:04","slug":"news","status":"publish","type":"page","link":"https:\/\/alliancefraoste.it\/fr\/news\/","title":{"rendered":"News"},"content":{"rendered":"<section class=\"wpb-content-wrapper\"><p>[vc_row css_animation=\u00a0\u00bb\u00a0\u00bb row_type=\u00a0\u00bbrow\u00a0\u00bb use_row_as_full_screen_section=\u00a0\u00bbno\u00a0\u00bb type=\u00a0\u00bbgrid\u00a0\u00bb angled_section=\u00a0\u00bbno\u00a0\u00bb text_align=\u00a0\u00bbleft\u00a0\u00bb background_image_as_pattern=\u00a0\u00bbwithout_pattern\u00a0\u00bb z_index=\u00a0\u00bb\u00a0\u00bb][vc_column][vc_empty_space][vc_single_image image=\u00a0\u00bb581&Prime; img_size=\u00a0\u00bbfull\u00a0\u00bb alignment=\u00a0\u00bbcenter\u00a0\u00bb qode_css_animation=\u00a0\u00bb\u00a0\u00bb][vc_empty_space][\/vc_column][\/vc_row][vc_row css_animation=\u00a0\u00bb\u00a0\u00bb row_type=\u00a0\u00bbrow\u00a0\u00bb use_row_as_full_screen_section=\u00a0\u00bbno\u00a0\u00bb type=\u00a0\u00bbgrid\u00a0\u00bb angled_section=\u00a0\u00bbno\u00a0\u00bb text_align=\u00a0\u00bbcenter\u00a0\u00bb background_image_as_pattern=\u00a0\u00bbwithout_pattern\u00a0\u00bb css=\u00a0\u00bb.vc_custom_1669825040609{padding-top: 42px !important;}\u00a0\u00bb z_index=\u00a0\u00bb\u00a0\u00bb][vc_column][vc_column_text]<\/p>\n<h3 style=\"text-align: center;\">Restez inform\u00e9 des derni\u00e8res nouvelles<\/h3>\n<p>[\/vc_column_text][vc_empty_space]\n<div class='latest_post_holder boxes three_columns four_rows' >\n    <ul>\n    \n        <li class=\"clearfix\">\n            <div class=\"boxes_image\">\n                                <a itemprop=\"url\" href=\"https:\/\/alliancefraoste.it\/fr\/resultats-du-delf-et-dalf-tout-public-session-de-mars-2026\/\"><img loading=\"lazy\" decoding=\"async\" width=\"539\" height=\"303\" src=\"https:\/\/alliancefraoste.it\/wp-content\/uploads\/2017\/04\/slide-2-539x303.jpg\" class=\"attachment-latest_post_boxes size-latest_post_boxes wp-post-image\" alt=\"\" \/><\/a>\n            <\/div>\n            <div class=\"latest_post\"  >\n                <div class=\"latest_post_text\">\n                    <div class=\"latest_post_inner\">\n                        <div class=\"latest_post_text_inner\">\n                            <h5 itemprop=\"name\" class=\"latest_post_title entry_title\"><a itemprop=\"url\" href=\"https:\/\/alliancefraoste.it\/fr\/resultats-du-delf-et-dalf-tout-public-session-de-mars-2026\/\">R\u00e9sultats du DELF et Dalf tout public \u2013 Session de mars 2026<\/a><\/h5>\n                            <p class=\"excerpt\">L&rsquo;Alliance Fran\u00e7aise de la Vall\u00e9e d&rsquo;Aoste a le plaisir d&rsquo;annoncer les r\u00e9sultats de la session de mars 2026 du DELF B1, DELF B2 et DALF C1...<\/p>\n                            <span class=\"post_infos\">\n                                                                    <span class=\"date_hour_holder\">\n                                        <span itemprop=\"dateCreated\" class=\"date entry_date updated\">27 avril, 2026 <meta itemprop=\"interactionCount\" content=\"UserComments: 0\"\/><\/span>\n                                    <\/span>\n                                                                                                    <span class=\"dots\"><i class=\"fa fa-square\"><\/i><\/span>\n                                                                            <a itemprop=\"url\" href=\"https:\/\/alliancefraoste.it\/fr\/category\/avvisi-fr\/\">avvisi<\/a>\n                                                                            <a itemprop=\"url\" href=\"https:\/\/alliancefraoste.it\/fr\/category\/nouvelles\/\">nouvelles<\/a>\n                                                                                                                                                <span class=\"dots\"><i class=\"fa fa-square\"><\/i><\/span>\n                                                                        <a itemprop=\"url\" class=\"post_comments\" href=\"https:\/\/alliancefraoste.it\/fr\/resultats-du-delf-et-dalf-tout-public-session-de-mars-2026\/#respond\">No comment<\/a>\n                                \n                                \n                                                            <\/span>\n                        <\/div>\n                    <\/div>\n                <\/div>\n            <\/div>\n        <\/li>\n    \n        <li class=\"clearfix\">\n            <div class=\"boxes_image\">\n                                <a itemprop=\"url\" href=\"https:\/\/alliancefraoste.it\/fr\/resultats-du-delf-b2-session-de-fevrier\/\"><img loading=\"lazy\" decoding=\"async\" width=\"539\" height=\"303\" src=\"https:\/\/alliancefraoste.it\/wp-content\/uploads\/2025\/05\/TPDiplomesfevr-539x303.png\" class=\"attachment-latest_post_boxes size-latest_post_boxes wp-post-image\" alt=\"\" \/><\/a>\n            <\/div>\n            <div class=\"latest_post\"  >\n                <div class=\"latest_post_text\">\n                    <div class=\"latest_post_inner\">\n                        <div class=\"latest_post_text_inner\">\n                            <h5 itemprop=\"name\" class=\"latest_post_title entry_title\"><a itemprop=\"url\" href=\"https:\/\/alliancefraoste.it\/fr\/resultats-du-delf-b2-session-de-fevrier\/\">R\u00e9sultats du DELF scolaire et Delf\/Dalf tout public \u2013 Session de f\u00e9vrier 2026<\/a><\/h5>\n                            <p class=\"excerpt\">L&rsquo;Alliance Fran\u00e7aise de la Vall\u00e9e d&rsquo;Aoste a le plaisir d&rsquo;annoncer les r\u00e9sultats de la session de f\u00e9vrier 2026 du DELF B1 SCOLAIRE, DELF B2 SCOLAIRE et DELF\/DALF Tout Public...<\/p>\n                            <span class=\"post_infos\">\n                                                                    <span class=\"date_hour_holder\">\n                                        <span itemprop=\"dateCreated\" class=\"date entry_date updated\">26 mars, 2026 <meta itemprop=\"interactionCount\" content=\"UserComments: 0\"\/><\/span>\n                                    <\/span>\n                                                                                                    <span class=\"dots\"><i class=\"fa fa-square\"><\/i><\/span>\n                                                                            <a itemprop=\"url\" href=\"https:\/\/alliancefraoste.it\/fr\/category\/avvisi-fr\/\">avvisi<\/a>\n                                                                            <a itemprop=\"url\" href=\"https:\/\/alliancefraoste.it\/fr\/category\/nouvelles\/\">nouvelles<\/a>\n                                                                                                                                                <span class=\"dots\"><i class=\"fa fa-square\"><\/i><\/span>\n                                                                        <a itemprop=\"url\" class=\"post_comments\" href=\"https:\/\/alliancefraoste.it\/fr\/resultats-du-delf-b2-session-de-fevrier\/#respond\">No comment<\/a>\n                                \n                                \n                                                            <\/span>\n                        <\/div>\n                    <\/div>\n                <\/div>\n            <\/div>\n        <\/li>\n    \n        <li class=\"clearfix\">\n            <div class=\"boxes_image\">\n                                <a itemprop=\"url\" href=\"https:\/\/alliancefraoste.it\/fr\/francophonie-alberto-visconti-rend-hommage-a-rimbaud-a-aoste\/\"><img loading=\"lazy\" decoding=\"async\" width=\"539\" height=\"303\" src=\"https:\/\/alliancefraoste.it\/wp-content\/uploads\/2026\/03\/visconti-539x303.jpg\" class=\"attachment-latest_post_boxes size-latest_post_boxes wp-post-image\" alt=\"\" \/><\/a>\n            <\/div>\n            <div class=\"latest_post\"  >\n                <div class=\"latest_post_text\">\n                    <div class=\"latest_post_inner\">\n                        <div class=\"latest_post_text_inner\">\n                            <h5 itemprop=\"name\" class=\"latest_post_title entry_title\"><a itemprop=\"url\" href=\"https:\/\/alliancefraoste.it\/fr\/francophonie-alberto-visconti-rend-hommage-a-rimbaud-a-aoste\/\">Francophonie : Alberto Visconti rend hommage \u00e0 Rimbaud \u00e0 Aoste<\/a><\/h5>\n                            <p class=\"excerpt\">Dans le cadre des Journ\u00e9es de la Francophonie et \u00e0 l\u2019occasion de la Journ\u00e9e mondiale de la po\u00e9sie, c\u00e9l\u00e9br\u00e9e chaque ann\u00e9e le 21 mars, l\u2019Alliance Fran\u00e7aise de la Vall\u00e9e d&rsquo;Aoste propose au public vald\u00f4tain une rencontre artistique plac\u00e9e sous le signe de la po\u00e9sie et......<\/p>\n                            <span class=\"post_infos\">\n                                                                    <span class=\"date_hour_holder\">\n                                        <span itemprop=\"dateCreated\" class=\"date entry_date updated\">15 mars, 2026 <meta itemprop=\"interactionCount\" content=\"UserComments: 0\"\/><\/span>\n                                    <\/span>\n                                                                                                    <span class=\"dots\"><i class=\"fa fa-square\"><\/i><\/span>\n                                                                            <a itemprop=\"url\" href=\"https:\/\/alliancefraoste.it\/fr\/category\/attualita-fr\/\">attualit\u00e0<\/a>\n                                                                            <a itemprop=\"url\" href=\"https:\/\/alliancefraoste.it\/fr\/category\/avvisi-fr\/\">avvisi<\/a>\n                                                                            <a itemprop=\"url\" href=\"https:\/\/alliancefraoste.it\/fr\/category\/eventi-fr\/\">Eventi<\/a>\n                                                                            <a itemprop=\"url\" href=\"https:\/\/alliancefraoste.it\/fr\/category\/nouvelles\/\">nouvelles<\/a>\n                                                                                                                                                <span class=\"dots\"><i class=\"fa fa-square\"><\/i><\/span>\n                                                                        <a itemprop=\"url\" class=\"post_comments\" href=\"https:\/\/alliancefraoste.it\/fr\/francophonie-alberto-visconti-rend-hommage-a-rimbaud-a-aoste\/#respond\">No comment<\/a>\n                                \n                                \n                                                            <\/span>\n                        <\/div>\n                    <\/div>\n                <\/div>\n            <\/div>\n        <\/li>\n    \n        <li class=\"clearfix\">\n            <div class=\"boxes_image\">\n                                <a itemprop=\"url\" href=\"https:\/\/alliancefraoste.it\/fr\/journees-de-la-francophonie-2026-apres-la-nuit-histoires-de-resistance-et-de-liberte-autrement\/\"><img loading=\"lazy\" decoding=\"async\" width=\"539\" height=\"303\" src=\"https:\/\/alliancefraoste.it\/wp-content\/uploads\/2026\/02\/apresokw-539x303.jpg\" class=\"attachment-latest_post_boxes size-latest_post_boxes wp-post-image\" alt=\"\" \/><\/a>\n            <\/div>\n            <div class=\"latest_post\"  >\n                <div class=\"latest_post_text\">\n                    <div class=\"latest_post_inner\">\n                        <div class=\"latest_post_text_inner\">\n                            <h5 itemprop=\"name\" class=\"latest_post_title entry_title\"><a itemprop=\"url\" href=\"https:\/\/alliancefraoste.it\/fr\/journees-de-la-francophonie-2026-apres-la-nuit-histoires-de-resistance-et-de-liberte-autrement\/\">Journ\u00e9es de la Francophonie 2026: Apr\u00e9s la nuit &#8211; Histoires de r\u00e9sistance et de libert\u00e9, autrement<\/a><\/h5>\n                            <p class=\"excerpt\">Inscrit dans le cadre des Journ\u00e9es de la Francophonie 2026, le cycle cin\u00e9matographique Apr\u00e8s la nuit \u2013 Histoires de r\u00e9sistance et de libert\u00e9, autrement s\u2019ouvre vendredi 27 f\u00e9vrier \u00e0 17 h 45 \u00e0 la biblioth\u00e8que \u00ab Bruno Salvadori \u00bb d\u2019Aoste avec la projection de La......<\/p>\n                            <span class=\"post_infos\">\n                                                                    <span class=\"date_hour_holder\">\n                                        <span itemprop=\"dateCreated\" class=\"date entry_date updated\">25 f\u00e9vrier, 2026 <meta itemprop=\"interactionCount\" content=\"UserComments: 0\"\/><\/span>\n                                    <\/span>\n                                                                                                    <span class=\"dots\"><i class=\"fa fa-square\"><\/i><\/span>\n                                                                            <a itemprop=\"url\" href=\"https:\/\/alliancefraoste.it\/fr\/category\/avvisi-fr\/\">avvisi<\/a>\n                                                                            <a itemprop=\"url\" href=\"https:\/\/alliancefraoste.it\/fr\/category\/nouvelles\/\">nouvelles<\/a>\n                                                                                                                                                <span class=\"dots\"><i class=\"fa fa-square\"><\/i><\/span>\n                                                                        <a itemprop=\"url\" class=\"post_comments\" href=\"https:\/\/alliancefraoste.it\/fr\/journees-de-la-francophonie-2026-apres-la-nuit-histoires-de-resistance-et-de-liberte-autrement\/#respond\">No comment<\/a>\n                                \n                                \n                                                            <\/span>\n                        <\/div>\n                    <\/div>\n                <\/div>\n            <\/div>\n        <\/li>\n    \n        <li class=\"clearfix\">\n            <div class=\"boxes_image\">\n                                <a itemprop=\"url\" href=\"https:\/\/alliancefraoste.it\/fr\/resultats-du-delf-session-de-decembre\/\"><img loading=\"lazy\" decoding=\"async\" width=\"539\" height=\"256\" src=\"https:\/\/alliancefraoste.it\/wp-content\/uploads\/2016\/09\/image-1-539x256.jpg\" class=\"attachment-latest_post_boxes size-latest_post_boxes wp-post-image\" alt=\"\" \/><\/a>\n            <\/div>\n            <div class=\"latest_post\"  >\n                <div class=\"latest_post_text\">\n                    <div class=\"latest_post_inner\">\n                        <div class=\"latest_post_text_inner\">\n                            <h5 itemprop=\"name\" class=\"latest_post_title entry_title\"><a itemprop=\"url\" href=\"https:\/\/alliancefraoste.it\/fr\/resultats-du-delf-session-de-decembre\/\">R\u00e9sultats du DELF B2 \u2013 Session de d\u00e9cembre<\/a><\/h5>\n                            <p class=\"excerpt\">L&rsquo;Alliance Fran\u00e7aise de la Vall\u00e9e d&rsquo;Aoste a le plaisir d&rsquo;annoncer les r\u00e9sultats de la session de d\u00e8cembre 2025 du DELF ....<\/p>\n                            <span class=\"post_infos\">\n                                                                    <span class=\"date_hour_holder\">\n                                        <span itemprop=\"dateCreated\" class=\"date entry_date updated\">29 janvier, 2026 <meta itemprop=\"interactionCount\" content=\"UserComments: 0\"\/><\/span>\n                                    <\/span>\n                                                                                                    <span class=\"dots\"><i class=\"fa fa-square\"><\/i><\/span>\n                                                                            <a itemprop=\"url\" href=\"https:\/\/alliancefraoste.it\/fr\/category\/avvisi-fr\/\">avvisi<\/a>\n                                                                            <a itemprop=\"url\" href=\"https:\/\/alliancefraoste.it\/fr\/category\/nouvelles\/\">nouvelles<\/a>\n                                                                                                                                                <span class=\"dots\"><i class=\"fa fa-square\"><\/i><\/span>\n                                                                        <a itemprop=\"url\" class=\"post_comments\" href=\"https:\/\/alliancefraoste.it\/fr\/resultats-du-delf-session-de-decembre\/#respond\">No comment<\/a>\n                                \n                                \n                                                            <\/span>\n                        <\/div>\n                    <\/div>\n                <\/div>\n            <\/div>\n        <\/li>\n    \n        <li class=\"clearfix\">\n            <div class=\"boxes_image\">\n                                <a itemprop=\"url\" href=\"https:\/\/alliancefraoste.it\/fr\/la-nuit-de-la-lecture-une-soiree-entre-villes-et-campagnes-a-lalliance-francaise-daoste\/\"><img loading=\"lazy\" decoding=\"async\" width=\"539\" height=\"303\" src=\"https:\/\/alliancefraoste.it\/wp-content\/uploads\/2026\/01\/nuit-e1769006479411-539x303.jpg\" class=\"attachment-latest_post_boxes size-latest_post_boxes wp-post-image\" alt=\"\" \/><\/a>\n            <\/div>\n            <div class=\"latest_post\"  >\n                <div class=\"latest_post_text\">\n                    <div class=\"latest_post_inner\">\n                        <div class=\"latest_post_text_inner\">\n                            <h5 itemprop=\"name\" class=\"latest_post_title entry_title\"><a itemprop=\"url\" href=\"https:\/\/alliancefraoste.it\/fr\/la-nuit-de-la-lecture-une-soiree-entre-villes-et-campagnes-a-lalliance-francaise-daoste\/\">La Nuit de la lecture, une soir\u00e9e entre villes et campagnes \u00e0 l\u2019Alliance Fran\u00e7aise d\u2019Aoste<\/a><\/h5>\n                            <p class=\"excerpt\">L\u2019Alliance Fran\u00e7aise de la Vall\u00e9e d&rsquo;Aoste, en collaboration avec la&nbsp;F\u00e9d\u00e9ration des Alliances Fran\u00e7aises d\u2019Italie, propose&nbsp;La Nuit de la lecture, qui aura lieu&nbsp;samedi 24 janvier 2026, de&nbsp;17h00 \u00e0 22h00, \u00e0 la&nbsp;biblioth\u00e8que de l\u2019Alliance Fran\u00e7aise,&nbsp;via Carlo Promis 3 \u00e0 Aoste. L\u2019\u00e9v\u00e9nement s\u2019inscrit dans le cadre des&nbsp;10e Nuits......<\/p>\n                            <span class=\"post_infos\">\n                                                                    <span class=\"date_hour_holder\">\n                                        <span itemprop=\"dateCreated\" class=\"date entry_date updated\">21 janvier, 2026 <meta itemprop=\"interactionCount\" content=\"UserComments: 0\"\/><\/span>\n                                    <\/span>\n                                                                                                    <span class=\"dots\"><i class=\"fa fa-square\"><\/i><\/span>\n                                                                            <a itemprop=\"url\" href=\"https:\/\/alliancefraoste.it\/fr\/category\/attivita-culturali-fr\/\">Attivit\u00e0 culturali<\/a>\n                                                                            <a itemprop=\"url\" href=\"https:\/\/alliancefraoste.it\/fr\/category\/avvisi-fr\/\">avvisi<\/a>\n                                                                            <a itemprop=\"url\" href=\"https:\/\/alliancefraoste.it\/fr\/category\/eventi-fr\/\">Eventi<\/a>\n                                                                            <a itemprop=\"url\" href=\"https:\/\/alliancefraoste.it\/fr\/category\/nouvelles\/\">nouvelles<\/a>\n                                                                                                                                                <span class=\"dots\"><i class=\"fa fa-square\"><\/i><\/span>\n                                                                        <a itemprop=\"url\" class=\"post_comments\" href=\"https:\/\/alliancefraoste.it\/fr\/la-nuit-de-la-lecture-une-soiree-entre-villes-et-campagnes-a-lalliance-francaise-daoste\/#respond\">No comment<\/a>\n                                \n                                \n                                                            <\/span>\n                        <\/div>\n                    <\/div>\n                <\/div>\n            <\/div>\n        <\/li>\n    \n        <li class=\"clearfix\">\n            <div class=\"boxes_image\">\n                                <a itemprop=\"url\" href=\"https:\/\/alliancefraoste.it\/fr\/sessione-desame-delf-dalf-di-febbraio-possibili-ritardi-nelle-lettere-di-convocazione\/\"><img loading=\"lazy\" decoding=\"async\" width=\"539\" height=\"303\" src=\"https:\/\/alliancefraoste.it\/wp-content\/uploads\/2026\/01\/attention-539x303.jpg\" class=\"attachment-latest_post_boxes size-latest_post_boxes wp-post-image\" alt=\"\" srcset=\"https:\/\/alliancefraoste.it\/wp-content\/uploads\/2026\/01\/attention-539x303.jpg 539w, https:\/\/alliancefraoste.it\/wp-content\/uploads\/2026\/01\/attention-300x169.jpg 300w, https:\/\/alliancefraoste.it\/wp-content\/uploads\/2026\/01\/attention-1024x576.jpg 1024w, https:\/\/alliancefraoste.it\/wp-content\/uploads\/2026\/01\/attention-768x432.jpg 768w, https:\/\/alliancefraoste.it\/wp-content\/uploads\/2026\/01\/attention-1536x864.jpg 1536w, https:\/\/alliancefraoste.it\/wp-content\/uploads\/2026\/01\/attention-2048x1152.jpg 2048w, https:\/\/alliancefraoste.it\/wp-content\/uploads\/2026\/01\/attention-700x394.jpg 700w\" sizes=\"auto, (max-width: 539px) 100vw, 539px\" \/><\/a>\n            <\/div>\n            <div class=\"latest_post\"  >\n                <div class=\"latest_post_text\">\n                    <div class=\"latest_post_inner\">\n                        <div class=\"latest_post_text_inner\">\n                            <h5 itemprop=\"name\" class=\"latest_post_title entry_title\"><a itemprop=\"url\" href=\"https:\/\/alliancefraoste.it\/fr\/sessione-desame-delf-dalf-di-febbraio-possibili-ritardi-nelle-lettere-di-convocazione\/\">Examens DELF\u2013DALF \u2013 session de f\u00e9vrier : information relative \u00e0 un possible retard des convocations<\/a><\/h5>\n                            <p class=\"excerpt\">L\u2019Alliance Fran\u00e7aise de la Vall\u00e9e d&rsquo;Aoste informe les candidats inscrits \u00e0 la session d\u2019examen DELF\u2013DALF de f\u00e9vrier que, en raison d\u2019un incident de s\u00e9curit\u00e9 informatique ayant r\u00e9cemment affect\u00e9 la plateforme nationale GAEL, utilis\u00e9e pour la gestion administrative des examens, l\u2019envoi des convocations pourrait conna\u00eetre un......<\/p>\n                            <span class=\"post_infos\">\n                                                                    <span class=\"date_hour_holder\">\n                                        <span itemprop=\"dateCreated\" class=\"date entry_date updated\">14 janvier, 2026 <meta itemprop=\"interactionCount\" content=\"UserComments: 0\"\/><\/span>\n                                    <\/span>\n                                                                                                    <span class=\"dots\"><i class=\"fa fa-square\"><\/i><\/span>\n                                                                            <a itemprop=\"url\" href=\"https:\/\/alliancefraoste.it\/fr\/category\/avvisi-fr\/\">avvisi<\/a>\n                                                                            <a itemprop=\"url\" href=\"https:\/\/alliancefraoste.it\/fr\/category\/eventi-fr\/\">Eventi<\/a>\n                                                                            <a itemprop=\"url\" href=\"https:\/\/alliancefraoste.it\/fr\/category\/nouvelles\/\">nouvelles<\/a>\n                                                                                                                                                <span class=\"dots\"><i class=\"fa fa-square\"><\/i><\/span>\n                                                                        <a itemprop=\"url\" class=\"post_comments\" href=\"https:\/\/alliancefraoste.it\/fr\/sessione-desame-delf-dalf-di-febbraio-possibili-ritardi-nelle-lettere-di-convocazione\/#respond\">No comment<\/a>\n                                \n                                \n                                                            <\/span>\n                        <\/div>\n                    <\/div>\n                <\/div>\n            <\/div>\n        <\/li>\n    \n        <li class=\"clearfix\">\n            <div class=\"boxes_image\">\n                                <a itemprop=\"url\" href=\"https:\/\/alliancefraoste.it\/fr\/resultats-du-delf-dalf-tp-session-de-novembre\/\"><img loading=\"lazy\" decoding=\"async\" width=\"539\" height=\"256\" src=\"https:\/\/alliancefraoste.it\/wp-content\/uploads\/2016\/09\/image-1-539x256.jpg\" class=\"attachment-latest_post_boxes size-latest_post_boxes wp-post-image\" alt=\"\" \/><\/a>\n            <\/div>\n            <div class=\"latest_post\"  >\n                <div class=\"latest_post_text\">\n                    <div class=\"latest_post_inner\">\n                        <div class=\"latest_post_text_inner\">\n                            <h5 itemprop=\"name\" class=\"latest_post_title entry_title\"><a itemprop=\"url\" href=\"https:\/\/alliancefraoste.it\/fr\/resultats-du-delf-dalf-tp-session-de-novembre\/\">R\u00e9sultats du DELF\/DALF TP \u2013 Session de novembre<\/a><\/h5>\n                            <p class=\"excerpt\">L&rsquo;Alliance Fran\u00e7aise de la Vall\u00e9e d&rsquo;Aoste a le plaisir d&rsquo;annoncer les r\u00e9sultats de la session de novembre 2025 du DELF\/DALF TP . DELF B2 SCOLAIRE...<\/p>\n                            <span class=\"post_infos\">\n                                                                    <span class=\"date_hour_holder\">\n                                        <span itemprop=\"dateCreated\" class=\"date entry_date updated\">16 d\u00e9cembre, 2025 <meta itemprop=\"interactionCount\" content=\"UserComments: 0\"\/><\/span>\n                                    <\/span>\n                                                                                                    <span class=\"dots\"><i class=\"fa fa-square\"><\/i><\/span>\n                                                                            <a itemprop=\"url\" href=\"https:\/\/alliancefraoste.it\/fr\/category\/avvisi-fr\/\">avvisi<\/a>\n                                                                            <a itemprop=\"url\" href=\"https:\/\/alliancefraoste.it\/fr\/category\/nouvelles\/\">nouvelles<\/a>\n                                                                                                                                                <span class=\"dots\"><i class=\"fa fa-square\"><\/i><\/span>\n                                                                        <a itemprop=\"url\" class=\"post_comments\" href=\"https:\/\/alliancefraoste.it\/fr\/resultats-du-delf-dalf-tp-session-de-novembre\/#respond\">No comment<\/a>\n                                \n                                \n                                                            <\/span>\n                        <\/div>\n                    <\/div>\n                <\/div>\n            <\/div>\n        <\/li>\n    \n        <li class=\"clearfix\">\n            <div class=\"boxes_image\">\n                                <a itemprop=\"url\" href=\"https:\/\/alliancefraoste.it\/fr\/a-vos-mots-nouveaux-ateliers-de-conversation-et-de-lecture\/\"><img loading=\"lazy\" decoding=\"async\" width=\"539\" height=\"303\" src=\"https:\/\/alliancefraoste.it\/wp-content\/uploads\/2025\/10\/conversation-539x303.png\" class=\"attachment-latest_post_boxes size-latest_post_boxes wp-post-image\" alt=\"\" srcset=\"https:\/\/alliancefraoste.it\/wp-content\/uploads\/2025\/10\/conversation-539x303.png 539w, https:\/\/alliancefraoste.it\/wp-content\/uploads\/2025\/10\/conversation-300x169.png 300w, https:\/\/alliancefraoste.it\/wp-content\/uploads\/2025\/10\/conversation-1024x576.png 1024w, https:\/\/alliancefraoste.it\/wp-content\/uploads\/2025\/10\/conversation-768x432.png 768w, https:\/\/alliancefraoste.it\/wp-content\/uploads\/2025\/10\/conversation-1536x864.png 1536w, https:\/\/alliancefraoste.it\/wp-content\/uploads\/2025\/10\/conversation-2048x1152.png 2048w, https:\/\/alliancefraoste.it\/wp-content\/uploads\/2025\/10\/conversation-700x394.png 700w\" sizes=\"auto, (max-width: 539px) 100vw, 539px\" \/><\/a>\n            <\/div>\n            <div class=\"latest_post\"  >\n                <div class=\"latest_post_text\">\n                    <div class=\"latest_post_inner\">\n                        <div class=\"latest_post_text_inner\">\n                            <h5 itemprop=\"name\" class=\"latest_post_title entry_title\"><a itemprop=\"url\" href=\"https:\/\/alliancefraoste.it\/fr\/a-vos-mots-nouveaux-ateliers-de-conversation-et-de-lecture\/\">\u00c0 vos mots ! Nouveaux ateliers de conversation et de lecture<\/a><\/h5>\n                            <p class=\"excerpt\">L\u2019Alliance Fran\u00e7aise de la Vall\u00e9e d\u2019Aoste ouvre les inscriptions \u00e0 deux ateliers in\u00e9dits : un cours de conversation et un atelier de lecture, con\u00e7us pour apprendre dans un cadre convivial et stimulant. Parce qu\u2019apprendre une langue, c\u2019est aussi la vivre, l\u2019Alliance Fran\u00e7aise propose d\u00e8s le......<\/p>\n                            <span class=\"post_infos\">\n                                                                    <span class=\"date_hour_holder\">\n                                        <span itemprop=\"dateCreated\" class=\"date entry_date updated\">27 octobre, 2025 <meta itemprop=\"interactionCount\" content=\"UserComments: 0\"\/><\/span>\n                                    <\/span>\n                                                                                                    <span class=\"dots\"><i class=\"fa fa-square\"><\/i><\/span>\n                                                                            <a itemprop=\"url\" href=\"https:\/\/alliancefraoste.it\/fr\/category\/avvisi-fr\/\">avvisi<\/a>\n                                                                            <a itemprop=\"url\" href=\"https:\/\/alliancefraoste.it\/fr\/category\/eventi-fr\/\">Eventi<\/a>\n                                                                            <a itemprop=\"url\" href=\"https:\/\/alliancefraoste.it\/fr\/category\/nouvelles\/\">nouvelles<\/a>\n                                                                                                                                                <span class=\"dots\"><i class=\"fa fa-square\"><\/i><\/span>\n                                                                        <a itemprop=\"url\" class=\"post_comments\" href=\"https:\/\/alliancefraoste.it\/fr\/a-vos-mots-nouveaux-ateliers-de-conversation-et-de-lecture\/#respond\">No comment<\/a>\n                                \n                                \n                                                            <\/span>\n                        <\/div>\n                    <\/div>\n                <\/div>\n            <\/div>\n        <\/li>\n    \n        <li class=\"clearfix\">\n            <div class=\"boxes_image\">\n                                <a itemprop=\"url\" href=\"https:\/\/alliancefraoste.it\/fr\/a-aoste-debute-la-nouvelle-saison-du-cafe-litteraire-de-lalliance-francaise\/\"><img loading=\"lazy\" decoding=\"async\" width=\"539\" height=\"303\" src=\"https:\/\/alliancefraoste.it\/wp-content\/uploads\/2025\/10\/cafeaos-539x303.jpg\" class=\"attachment-latest_post_boxes size-latest_post_boxes wp-post-image\" alt=\"\" \/><\/a>\n            <\/div>\n            <div class=\"latest_post\"  >\n                <div class=\"latest_post_text\">\n                    <div class=\"latest_post_inner\">\n                        <div class=\"latest_post_text_inner\">\n                            <h5 itemprop=\"name\" class=\"latest_post_title entry_title\"><a itemprop=\"url\" href=\"https:\/\/alliancefraoste.it\/fr\/a-aoste-debute-la-nouvelle-saison-du-cafe-litteraire-de-lalliance-francaise\/\">\u00c0 Aoste, d\u00e9bute la nouvelle saison du Caf\u00e9 Litt\u00e9raire de l\u2019Alliance Fran\u00e7aise<\/a><\/h5>\n                            <p class=\"excerpt\">AOSTE \u2013 Fid\u00e8le \u00e0 sa vocation de faire vivre la langue et la culture fran\u00e7aises au c\u0153ur de la Vall\u00e9e d\u2019Aoste, l\u2019Alliance Fran\u00e7aise de la Vall\u00e9e d\u2019Aoste reprend, en collaboration avec la Biblioth\u00e8que R\u00e9gionale Bruno Salvadori, son Caf\u00e9 Litt\u00e9raire pour la saison 2025-2026. V\u00e9ritable rendez-vous......<\/p>\n                            <span class=\"post_infos\">\n                                                                    <span class=\"date_hour_holder\">\n                                        <span itemprop=\"dateCreated\" class=\"date entry_date updated\">20 octobre, 2025 <meta itemprop=\"interactionCount\" content=\"UserComments: 0\"\/><\/span>\n                                    <\/span>\n                                                                                                    <span class=\"dots\"><i class=\"fa fa-square\"><\/i><\/span>\n                                                                            <a itemprop=\"url\" href=\"https:\/\/alliancefraoste.it\/fr\/category\/avvisi-fr\/\">avvisi<\/a>\n                                                                            <a itemprop=\"url\" href=\"https:\/\/alliancefraoste.it\/fr\/category\/eventi-fr\/\">Eventi<\/a>\n                                                                            <a itemprop=\"url\" href=\"https:\/\/alliancefraoste.it\/fr\/category\/nouvelles\/\">nouvelles<\/a>\n                                                                                                                                                <span class=\"dots\"><i class=\"fa fa-square\"><\/i><\/span>\n                                                                        <a itemprop=\"url\" class=\"post_comments\" href=\"https:\/\/alliancefraoste.it\/fr\/a-aoste-debute-la-nouvelle-saison-du-cafe-litteraire-de-lalliance-francaise\/#respond\">No comment<\/a>\n                                \n                                \n                                                            <\/span>\n                        <\/div>\n                    <\/div>\n                <\/div>\n            <\/div>\n        <\/li>\n    \n        <li class=\"clearfix\">\n            <div class=\"boxes_image\">\n                                <a itemprop=\"url\" href=\"https:\/\/alliancefraoste.it\/fr\/sono-arrivati-i-diplomi-della-sessione-tp-di-febbraio\/\"><img loading=\"lazy\" decoding=\"async\" width=\"539\" height=\"303\" src=\"https:\/\/alliancefraoste.it\/wp-content\/uploads\/2025\/05\/TPDiplomesfevr-539x303.png\" class=\"attachment-latest_post_boxes size-latest_post_boxes wp-post-image\" alt=\"\" \/><\/a>\n            <\/div>\n            <div class=\"latest_post\"  >\n                <div class=\"latest_post_text\">\n                    <div class=\"latest_post_inner\">\n                        <div class=\"latest_post_text_inner\">\n                            <h5 itemprop=\"name\" class=\"latest_post_title entry_title\"><a itemprop=\"url\" href=\"https:\/\/alliancefraoste.it\/fr\/sono-arrivati-i-diplomi-della-sessione-tp-di-febbraio\/\">Les dipl\u00f4mes de la session Delf\/Dalf TP de f\u00e9vrier sont arriv\u00e9s !<\/a><\/h5>\n                            <p class=\"excerpt\">Nous avons le plaisir d\u2019annoncer que les dipl\u00f4mes de la session TP de f\u00e9vrier sont d\u00e9sormais disponibles. Les candidats peuvent venir les retirer aupr\u00e8s du secr\u00e9tariat de l\u2019Alliance Fran\u00e7aise de la Vall\u00e9e d\u2019Aoste \u00e0 partir d\u2019aujourd\u2019hui. \ud83d\udd58 Horaires d\u2019ouverture du secr\u00e9tariat :\ud83d\udcc5 Du lundi au......<\/p>\n                            <span class=\"post_infos\">\n                                                                    <span class=\"date_hour_holder\">\n                                        <span itemprop=\"dateCreated\" class=\"date entry_date updated\">15 septembre, 2025 <meta itemprop=\"interactionCount\" content=\"UserComments: 0\"\/><\/span>\n                                    <\/span>\n                                                                                                    <span class=\"dots\"><i class=\"fa fa-square\"><\/i><\/span>\n                                                                            <a itemprop=\"url\" href=\"https:\/\/alliancefraoste.it\/fr\/category\/nouvelles\/\">nouvelles<\/a>\n                                                                                                                                                <span class=\"dots\"><i class=\"fa fa-square\"><\/i><\/span>\n                                                                        <a itemprop=\"url\" class=\"post_comments\" href=\"https:\/\/alliancefraoste.it\/fr\/sono-arrivati-i-diplomi-della-sessione-tp-di-febbraio\/#respond\">No comment<\/a>\n                                \n                                \n                                                            <\/span>\n                        <\/div>\n                    <\/div>\n                <\/div>\n            <\/div>\n        <\/li>\n    \n        <li class=\"clearfix\">\n            <div class=\"boxes_image\">\n                                <a itemprop=\"url\" href=\"https:\/\/alliancefraoste.it\/fr\/resultats-du-delf-dalf-tp-session-de-juin\/\"><img loading=\"lazy\" decoding=\"async\" width=\"539\" height=\"256\" src=\"https:\/\/alliancefraoste.it\/wp-content\/uploads\/2016\/09\/image-1-539x256.jpg\" class=\"attachment-latest_post_boxes size-latest_post_boxes wp-post-image\" alt=\"\" \/><\/a>\n            <\/div>\n            <div class=\"latest_post\"  >\n                <div class=\"latest_post_text\">\n                    <div class=\"latest_post_inner\">\n                        <div class=\"latest_post_text_inner\">\n                            <h5 itemprop=\"name\" class=\"latest_post_title entry_title\"><a itemprop=\"url\" href=\"https:\/\/alliancefraoste.it\/fr\/resultats-du-delf-dalf-tp-session-de-juin\/\">R\u00e9sultats du DELF\/DALF TP \u2013 Session de juin<\/a><\/h5>\n                            <p class=\"excerpt\">L&rsquo;Alliance Fran\u00e7aise de la Vall\u00e9e d&rsquo;Aoste a le plaisir d&rsquo;annoncer les r\u00e9sultats de la session de juin 2025 du DELF\/DALF TP ....<\/p>\n                            <span class=\"post_infos\">\n                                                                    <span class=\"date_hour_holder\">\n                                        <span itemprop=\"dateCreated\" class=\"date entry_date updated\">08 juillet, 2025 <meta itemprop=\"interactionCount\" content=\"UserComments: 0\"\/><\/span>\n                                    <\/span>\n                                                                                                    <span class=\"dots\"><i class=\"fa fa-square\"><\/i><\/span>\n                                                                            <a itemprop=\"url\" href=\"https:\/\/alliancefraoste.it\/fr\/category\/avvisi-fr\/\">avvisi<\/a>\n                                                                            <a itemprop=\"url\" href=\"https:\/\/alliancefraoste.it\/fr\/category\/nouvelles\/\">nouvelles<\/a>\n                                                                                                                                                <span class=\"dots\"><i class=\"fa fa-square\"><\/i><\/span>\n                                                                        <a itemprop=\"url\" class=\"post_comments\" href=\"https:\/\/alliancefraoste.it\/fr\/resultats-du-delf-dalf-tp-session-de-juin\/#respond\">No comment<\/a>\n                                \n                                \n                                                            <\/span>\n                        <\/div>\n                    <\/div>\n                <\/div>\n            <\/div>\n        <\/li>\n        <\/ul>\n<\/div>[\/vc_column][\/vc_row]<\/p>\n<\/section>","protected":false},"excerpt":{"rendered":"<p>[vc_row css_animation=\u00a0\u00bb\u00a0\u00bb row_type=\u00a0\u00bbrow\u00a0\u00bb use_row_as_full_screen_section=\u00a0\u00bbno\u00a0\u00bb type=\u00a0\u00bbgrid\u00a0\u00bb angled_section=\u00a0\u00bbno\u00a0\u00bb text_align=\u00a0\u00bbleft\u00a0\u00bb background_image_as_pattern=\u00a0\u00bbwithout_pattern\u00a0\u00bb z_index=\u00a0\u00bb\u00a0\u00bb][vc_column][vc_empty_space][vc_single_image image=\u00a0\u00bb581&Prime; img_size=\u00a0\u00bbfull\u00a0\u00bb alignment=\u00a0\u00bbcenter\u00a0\u00bb qode_css_animation=\u00a0\u00bb\u00a0\u00bb][vc_empty_space][\/vc_column][\/vc_row][vc_row css_animation=\u00a0\u00bb\u00a0\u00bb row_type=\u00a0\u00bbrow\u00a0\u00bb use_row_as_full_screen_section=\u00a0\u00bbno\u00a0\u00bb type=\u00a0\u00bbgrid\u00a0\u00bb angled_section=\u00a0\u00bbno\u00a0\u00bb text_align=\u00a0\u00bbcenter\u00a0\u00bb background_image_as_pattern=\u00a0\u00bbwithout_pattern\u00a0\u00bb css=\u00a0\u00bb.vc_custom_1669825040609{padding-top: 42px !important;}\u00a0\u00bb z_index=\u00a0\u00bb\u00a0\u00bb][vc_column][vc_column_text] Restez inform\u00e9 des derni\u00e8res nouvelles [\/vc_column_text][vc_empty_space][\/vc_column][\/vc_row]<\/p>\n","protected":false},"author":1,"featured_media":0,"parent":0,"menu_order":0,"comment_status":"closed","ping_status":"closed","template":"full_width.php","meta":{"footnotes":""},"class_list":["post-1586","page","type-page","status-publish","hentry"],"yoast_head":"<!-- This site is optimized with the Yoast SEO plugin v27.4 - https:\/\/yoast.com\/product\/yoast-seo-wordpress\/ -->\n<title>News - Alliance Francaise<\/title>\n<meta name=\"robots\" content=\"index, follow, max-snippet:-1, max-image-preview:large, max-video-preview:-1\" \/>\n<link rel=\"canonical\" href=\"https:\/\/alliancefraoste.it\/fr\/news\/\" \/>\n<meta property=\"og:locale\" content=\"fr_FR\" \/>\n<meta property=\"og:type\" content=\"article\" \/>\n<meta property=\"og:title\" content=\"News - Alliance Francaise\" \/>\n<meta property=\"og:description\" content=\"[vc_row css_animation=\u00a0\u00bb\u00a0\u00bb row_type=\u00a0\u00bbrow\u00a0\u00bb use_row_as_full_screen_section=\u00a0\u00bbno\u00a0\u00bb type=\u00a0\u00bbgrid\u00a0\u00bb angled_section=\u00a0\u00bbno\u00a0\u00bb text_align=\u00a0\u00bbleft\u00a0\u00bb background_image_as_pattern=\u00a0\u00bbwithout_pattern\u00a0\u00bb z_index=\u00a0\u00bb\u00a0\u00bb][vc_column][vc_empty_space][vc_single_image image=\u00a0\u00bb581&Prime; img_size=\u00a0\u00bbfull\u00a0\u00bb alignment=\u00a0\u00bbcenter\u00a0\u00bb qode_css_animation=\u00a0\u00bb\u00a0\u00bb][vc_empty_space][\/vc_column][\/vc_row][vc_row css_animation=\u00a0\u00bb\u00a0\u00bb row_type=\u00a0\u00bbrow\u00a0\u00bb use_row_as_full_screen_section=\u00a0\u00bbno\u00a0\u00bb type=\u00a0\u00bbgrid\u00a0\u00bb angled_section=\u00a0\u00bbno\u00a0\u00bb text_align=\u00a0\u00bbcenter\u00a0\u00bb background_image_as_pattern=\u00a0\u00bbwithout_pattern\u00a0\u00bb css=\u00a0\u00bb.vc_custom_1669825040609{padding-top: 42px !important;}\u00a0\u00bb z_index=\u00a0\u00bb\u00a0\u00bb][vc_column][vc_column_text] Restez inform\u00e9 des derni\u00e8res nouvelles [\/vc_column_text][vc_empty_space][\/vc_column][\/vc_row]\" \/>\n<meta property=\"og:url\" content=\"https:\/\/alliancefraoste.it\/fr\/news\/\" \/>\n<meta property=\"og:site_name\" content=\"Alliance Francaise\" \/>\n<meta property=\"article:modified_time\" content=\"2024-07-16T12:19:04+00:00\" \/>\n<meta name=\"twitter:card\" content=\"summary_large_image\" \/>\n<meta name=\"twitter:label1\" content=\"Dur\u00e9e de lecture estim\u00e9e\" \/>\n\t<meta name=\"twitter:data1\" content=\"1 minute\" \/>\n<script type=\"application\/ld+json\" class=\"yoast-schema-graph\">{\"@context\":\"https:\\\/\\\/schema.org\",\"@graph\":[{\"@type\":\"WebPage\",\"@id\":\"https:\\\/\\\/alliancefraoste.it\\\/fr\\\/news\\\/\",\"url\":\"https:\\\/\\\/alliancefraoste.it\\\/fr\\\/news\\\/\",\"name\":\"News - Alliance Francaise\",\"isPartOf\":{\"@id\":\"https:\\\/\\\/alliancefraoste.it\\\/#website\"},\"datePublished\":\"2024-07-16T09:05:17+00:00\",\"dateModified\":\"2024-07-16T12:19:04+00:00\",\"breadcrumb\":{\"@id\":\"https:\\\/\\\/alliancefraoste.it\\\/fr\\\/news\\\/#breadcrumb\"},\"inLanguage\":\"fr-FR\",\"potentialAction\":[{\"@type\":\"ReadAction\",\"target\":[\"https:\\\/\\\/alliancefraoste.it\\\/fr\\\/news\\\/\"]}]},{\"@type\":\"BreadcrumbList\",\"@id\":\"https:\\\/\\\/alliancefraoste.it\\\/fr\\\/news\\\/#breadcrumb\",\"itemListElement\":[{\"@type\":\"ListItem\",\"position\":1,\"name\":\"Home\",\"item\":\"https:\\\/\\\/alliancefraoste.it\\\/fr\\\/\"},{\"@type\":\"ListItem\",\"position\":2,\"name\":\"News\"}]},{\"@type\":\"WebSite\",\"@id\":\"https:\\\/\\\/alliancefraoste.it\\\/#website\",\"url\":\"https:\\\/\\\/alliancefraoste.it\\\/\",\"name\":\"Alliance Francaise\",\"description\":\"Vall\u00e9e d&#039;Aoste\",\"potentialAction\":[{\"@type\":\"SearchAction\",\"target\":{\"@type\":\"EntryPoint\",\"urlTemplate\":\"https:\\\/\\\/alliancefraoste.it\\\/?s={search_term_string}\"},\"query-input\":{\"@type\":\"PropertyValueSpecification\",\"valueRequired\":true,\"valueName\":\"search_term_string\"}}],\"inLanguage\":\"fr-FR\"}]}<\/script>\n<!-- \/ Yoast SEO plugin. -->","yoast_head_json":{"title":"News - Alliance Francaise","robots":{"index":"index","follow":"follow","max-snippet":"max-snippet:-1","max-image-preview":"max-image-preview:large","max-video-preview":"max-video-preview:-1"},"canonical":"https:\/\/alliancefraoste.it\/fr\/news\/","og_locale":"fr_FR","og_type":"article","og_title":"News - Alliance Francaise","og_description":"[vc_row css_animation=\u00a0\u00bb\u00a0\u00bb row_type=\u00a0\u00bbrow\u00a0\u00bb use_row_as_full_screen_section=\u00a0\u00bbno\u00a0\u00bb type=\u00a0\u00bbgrid\u00a0\u00bb angled_section=\u00a0\u00bbno\u00a0\u00bb text_align=\u00a0\u00bbleft\u00a0\u00bb background_image_as_pattern=\u00a0\u00bbwithout_pattern\u00a0\u00bb z_index=\u00a0\u00bb\u00a0\u00bb][vc_column][vc_empty_space][vc_single_image image=\u00a0\u00bb581&Prime; img_size=\u00a0\u00bbfull\u00a0\u00bb alignment=\u00a0\u00bbcenter\u00a0\u00bb qode_css_animation=\u00a0\u00bb\u00a0\u00bb][vc_empty_space][\/vc_column][\/vc_row][vc_row css_animation=\u00a0\u00bb\u00a0\u00bb row_type=\u00a0\u00bbrow\u00a0\u00bb use_row_as_full_screen_section=\u00a0\u00bbno\u00a0\u00bb type=\u00a0\u00bbgrid\u00a0\u00bb angled_section=\u00a0\u00bbno\u00a0\u00bb text_align=\u00a0\u00bbcenter\u00a0\u00bb background_image_as_pattern=\u00a0\u00bbwithout_pattern\u00a0\u00bb css=\u00a0\u00bb.vc_custom_1669825040609{padding-top: 42px !important;}\u00a0\u00bb z_index=\u00a0\u00bb\u00a0\u00bb][vc_column][vc_column_text] Restez inform\u00e9 des derni\u00e8res nouvelles [\/vc_column_text][vc_empty_space][\/vc_column][\/vc_row]","og_url":"https:\/\/alliancefraoste.it\/fr\/news\/","og_site_name":"Alliance Francaise","article_modified_time":"2024-07-16T12:19:04+00:00","twitter_card":"summary_large_image","twitter_misc":{"Dur\u00e9e de lecture estim\u00e9e":"1 minute"},"schema":{"@context":"https:\/\/schema.org","@graph":[{"@type":"WebPage","@id":"https:\/\/alliancefraoste.it\/fr\/news\/","url":"https:\/\/alliancefraoste.it\/fr\/news\/","name":"News - Alliance Francaise","isPartOf":{"@id":"https:\/\/alliancefraoste.it\/#website"},"datePublished":"2024-07-16T09:05:17+00:00","dateModified":"2024-07-16T12:19:04+00:00","breadcrumb":{"@id":"https:\/\/alliancefraoste.it\/fr\/news\/#breadcrumb"},"inLanguage":"fr-FR","potentialAction":[{"@type":"ReadAction","target":["https:\/\/alliancefraoste.it\/fr\/news\/"]}]},{"@type":"BreadcrumbList","@id":"https:\/\/alliancefraoste.it\/fr\/news\/#breadcrumb","itemListElement":[{"@type":"ListItem","position":1,"name":"Home","item":"https:\/\/alliancefraoste.it\/fr\/"},{"@type":"ListItem","position":2,"name":"News"}]},{"@type":"WebSite","@id":"https:\/\/alliancefraoste.it\/#website","url":"https:\/\/alliancefraoste.it\/","name":"Alliance Francaise","description":"Vall\u00e9e d&#039;Aoste","potentialAction":[{"@type":"SearchAction","target":{"@type":"EntryPoint","urlTemplate":"https:\/\/alliancefraoste.it\/?s={search_term_string}"},"query-input":{"@type":"PropertyValueSpecification","valueRequired":true,"valueName":"search_term_string"}}],"inLanguage":"fr-FR"}]}},"_links":{"self":[{"href":"https:\/\/alliancefraoste.it\/fr\/wp-json\/wp\/v2\/pages\/1586","targetHints":{"allow":["GET"]}}],"collection":[{"href":"https:\/\/alliancefraoste.it\/fr\/wp-json\/wp\/v2\/pages"}],"about":[{"href":"https:\/\/alliancefraoste.it\/fr\/wp-json\/wp\/v2\/types\/page"}],"author":[{"embeddable":true,"href":"https:\/\/alliancefraoste.it\/fr\/wp-json\/wp\/v2\/users\/1"}],"replies":[{"embeddable":true,"href":"https:\/\/alliancefraoste.it\/fr\/wp-json\/wp\/v2\/comments?post=1586"}],"version-history":[{"count":4,"href":"https:\/\/alliancefraoste.it\/fr\/wp-json\/wp\/v2\/pages\/1586\/revisions"}],"predecessor-version":[{"id":1597,"href":"https:\/\/alliancefraoste.it\/fr\/wp-json\/wp\/v2\/pages\/1586\/revisions\/1597"}],"wp:attachment":[{"href":"https:\/\/alliancefraoste.it\/fr\/wp-json\/wp\/v2\/media?parent=1586"}],"curies":[{"name":"wp","href":"https:\/\/api.w.org\/{rel}","templated":true}]}}