{"id":670,"date":"2022-11-30T13:58:43","date_gmt":"2022-11-30T13:58:43","guid":{"rendered":"https:\/\/angry-banzai.34-154-125-132.plesk.page\/delf-e-dalf\/"},"modified":"2024-08-26T06:18:01","modified_gmt":"2024-08-26T06:18:01","slug":"delf-e-dalf","status":"publish","type":"page","link":"https:\/\/alliancefraoste.it\/fr\/delf-e-dalf\/","title":{"rendered":"DELF e DALF"},"content":{"rendered":"<section class=\"wpb-content-wrapper\"><p>[vc_row css_animation=\u00a0\u00bb\u00a0\u00bb row_type=\u00a0\u00bbrow\u00a0\u00bb use_row_as_full_screen_section=\u00a0\u00bbno\u00a0\u00bb type=\u00a0\u00bbgrid\u00a0\u00bb angled_section=\u00a0\u00bbno\u00a0\u00bb text_align=\u00a0\u00bbleft\u00a0\u00bb background_image_as_pattern=\u00a0\u00bbwithout_pattern\u00a0\u00bb z_index=\u00a0\u00bb\u00a0\u00bb][vc_column][vc_single_image image=\u00a0\u00bb550&Prime; img_size=\u00a0\u00bbfull\u00a0\u00bb alignment=\u00a0\u00bbcenter\u00a0\u00bb qode_css_animation=\u00a0\u00bb\u00a0\u00bb][qode_elements_holder number_of_columns=\u00a0\u00bbone_column\u00a0\u00bb][qode_elements_holder_item advanced_animations=\u00a0\u00bbno\u00a0\u00bb item_padding=\u00a0\u00bb5% 5% 0% 5%\u00a0\u00bb][vc_column_text]<\/p>\n<h4 class=\"primo\">DELF\/DALF<\/h4>\n<p>Les dipl\u00f4mes DELF\/DALF\u00a0sont des certifications\u00a0pour tous ceux qui souhaitent certifier leurs comp\u00e9tences linguistiques en fran\u00e7ais.<\/p>\n<p>Le\u00a0<strong>DELF<\/strong>\u00a0est le\u00a0<em><strong>Dipl\u00f4me d&rsquo;\u00c9tudes en Langue Fran\u00e7aise<\/strong><\/em>, tandis que le<strong>\u00a0DALF\u00a0<\/strong>est le\u00a0<em><strong>Dipl\u00f4me Approfondi de Langue Fran\u00e7aise<\/strong><\/em>.<\/p>\n<p>Les dipl\u00f4mes DELF-DALF n&rsquo;ont\u00a0<strong>pas de limite de validit\u00e9<\/strong>\u00a0et sont\u00a0<strong>internationalement reconnus<\/strong>. Les DELF-DALF sont divis\u00e9s en 6 dipl\u00f4mes ind\u00e9pendants, de difficult\u00e9 progressive qui correspondent aux six niveaux du Cadre europ\u00e9en commun de r\u00e9f\u00e9rence pour les langues.<strong>\u00a0Chaque dipl\u00f4me comprend 4 \u00e9preuves\u00a0<\/strong>(de dur\u00e9e diff\u00e9rente selon le niveau) pour 4 comp\u00e9tences diff\u00e9rentes :\u00a0<em>compr\u00e9hension et expression orales, compr\u00e9hension et expression \u00e9crites.<\/em>[\/vc_column_text][\/qode_elements_holder_item][\/qode_elements_holder][\/vc_column][\/vc_row][vc_row css_animation=\u00a0\u00bb\u00a0\u00bb row_type=\u00a0\u00bbrow\u00a0\u00bb use_row_as_full_screen_section=\u00a0\u00bbno\u00a0\u00bb type=\u00a0\u00bbgrid\u00a0\u00bb angled_section=\u00a0\u00bbno\u00a0\u00bb text_align=\u00a0\u00bbleft\u00a0\u00bb background_image_as_pattern=\u00a0\u00bbwithout_pattern\u00a0\u00bb z_index=\u00a0\u00bb\u00a0\u00bb][vc_column][vc_empty_space][qode_elements_holder number_of_columns=\u00a0\u00bbone_column\u00a0\u00bb][qode_elements_holder_item advanced_animations=\u00a0\u00bbno\u00a0\u00bb item_padding=\u00a0\u00bb2% 5% 0% 5%\u00a0\u00bb]<div class=\"qode-accordion-holder clearfix qode-toggle qode-initial \">\n\t<h2 class=\"clearfix qode-title-holder\">\n<span class=\"qode-tab-title\">\n\t\t\t<span class=\"qode-tab-title-icon\">\n\t\t\t<i class=\"qode_icon_font_awesome fa fa-book \" ><\/i>\t\t<\/span>\n\t    <span class=\"qode-tab-title-inner\">\n        DELF PRIM    <\/span>\n<\/span>\n<span class=\"qode-accordion-mark\">\n    <span class=\"qode-accordion-mark-icon\">\n        <span class=\"icon_plus\"><\/span>\n        <span class=\"icon_minus-06\"><\/span>\n    <\/span>\n<\/span>\n<\/h2>\n<div  class=\"qode-accordion-content qode-acc-title-with-icon\" >\n    <div class=\"qode-accordion-content-inner\">\n        [vc_empty_space height=\u00a0\u00bb15px\u00a0\u00bb][vc_column_text]Le\u00a0DELF PRIM est le\u00a0<strong>premier dipl\u00f4me fran\u00e7ais pour les enfants<\/strong>\u00a0de la derni\u00e8re ann\u00e9e de l&rsquo;\u00e9cole\u00a0primaire.<\/p>\n<p>Le niveau certifi\u00e9 est le niveau A2 et comme tous les dipl\u00f4mes il est compos\u00e9 d&rsquo;une partie \u00e9crite et une partie orale.<\/p>\n<p>Pour savoir les prochaines dates du DELF PRIM consultez\u00a0le\u00a0calendrier.<\/p>\n<p>Pour vous inscrire, t\u00e9l\u00e9charger, remplir et envoyer les\u00a0<a href=\"https:\/\/alliancefraoste.it\/wp-content\/uploads\/2024\/08\/Modulo-iscrizione-DELF-PRIM-24-25.pdf\">formulaires<\/a>\u00a0\u00e0\u00a0<a href=\"mailto:secretariat@alliancefraoste.it\">secretariat@alliancefraoste.it<\/a>[\/vc_column_text][vc_empty_space]\n\n\t<a href=\"https:\/\/alliancefraoste.it\/wp-content\/uploads\/2024\/08\/CALENDRIER-DELF-Prim-2024-2025.xls\" target=\"_blank\" style=\"color: #ffffff;background-color: #b10025\" class=\"qode-btn qode-btn-medium qode-btn-solid qode-btn-icon qode-btn-icon-rotate\"  >\n\t    <span class=\"qode-btn-text\">Calendrier DELF PRIM<\/span><span class=\"qode-button-v2-icon-holder\"  ><i class=\"qode_icon_font_awesome fa fa-file-pdf-o qode-button-v2-icon-holder-inner\" ><\/i><\/span>\t<\/a>\n\n[vc_empty_space height=\u00a0\u00bb15px\u00a0\u00bb]    <\/div>\n<\/div><\/div><div class=\"qode-accordion-holder clearfix qode-toggle qode-initial \">\n\t<h2 class=\"clearfix qode-title-holder\">\n<span class=\"qode-tab-title\">\n\t\t\t<span class=\"qode-tab-title-icon\">\n\t\t\t<i class=\"qode_icon_font_awesome fa fa-book \" ><\/i>\t\t<\/span>\n\t    <span class=\"qode-tab-title-inner\">\n        DELF SCOLAIRE    <\/span>\n<\/span>\n<span class=\"qode-accordion-mark\">\n    <span class=\"qode-accordion-mark-icon\">\n        <span class=\"icon_plus\"><\/span>\n        <span class=\"icon_minus-06\"><\/span>\n    <\/span>\n<\/span>\n<\/h2>\n<div  class=\"qode-accordion-content qode-acc-title-with-icon\" >\n    <div class=\"qode-accordion-content-inner\">\n        [vc_empty_space height=\u00a0\u00bb15px\u00a0\u00bb][vc_column_text]Une fois pass\u00e9 le DELF PRIM,\u00a0n&rsquo;arr\u00eatez pas et continuez \u00e0 apprendre le fran\u00e7ais pour obtenir votre dipl\u00f4me DELF SCOLAIRE. Le\u00a0<strong>DELF SCOLAIRE est le dipl\u00f4me des \u00e9l\u00e8ves du coll\u00e8ge et du lyc\u00e9e<\/strong>.\u00a0Les sessions du DELF SCOLAIRE sont ouvertes \u00e0 un public\u00a0d&rsquo;\u00e9tudiants inscrits dans une \u00e9cole italienne du coll\u00e8ge ou du lyc\u00e9e.<\/p>\n<p>La certification\u00a0DELF SCOLAIRE est\u00a0importante car:<\/p>\n<ul>\n<li>Elle\u00a0offre des cr\u00e9dits de formation utiles pour l&rsquo;examen d&rsquo;\u00c9tat<\/li>\n<li>Elle\u00a0peut \u00eatre valable pour \u00eatre admis aux examens de fran\u00e7ais dans les universit\u00e9s italiennes<\/li>\n<li>Elle facilite l&rsquo;entr\u00e9e au programme europ\u00e9en Erasmus +<\/li>\n<li>Elle peut \u00eatre utilis\u00e9 dans le monde du travail<\/li>\n<\/ul>\n<p>Pour savoir\u00a0les prochaines dates des sessions du DELF SCOLAIRE, consultez le\u00a0calendrier. Pour vous inscrire, t\u00e9l\u00e9charger, remplir et envoyer les\u00a0<a href=\"https:\/\/alliancefraoste.it\/wp-content\/uploads\/2024\/08\/Modulo-iscrizione-DELF-SCOLAIRE-24-25-2.pdf\">formulaires\u00a0<\/a>\u00e0 \u00a0<a href=\"mailto:secretariat@alliancefraoste.it\">secretariat@alliancefraoste.it<\/a>[\/vc_column_text][vc_empty_space]\n\n\t<a href=\"https:\/\/alliancefraoste.it\/wp-content\/uploads\/2024\/08\/Calendrier-DELF-SCO-2024-2025.pdf\" target=\"_blank\" style=\"color: #ffffff;background-color: #b10025\" class=\"qode-btn qode-btn-medium qode-btn-solid qode-btn-icon qode-btn-icon-rotate\"  >\n\t    <span class=\"qode-btn-text\">Calendrier DELF SCOLAIRE<\/span><span class=\"qode-button-v2-icon-holder\"  ><i class=\"qode_icon_font_awesome fa fa-file-pdf-o qode-button-v2-icon-holder-inner\" ><\/i><\/span>\t<\/a>\n\n[vc_empty_space height=\u00a0\u00bb15px\u00a0\u00bb][vc_column_text]<\/p>\n<h4>Calendrier cours de pr\u00e9paration SCO<\/h4>\n<p>[\/vc_column_text][vc_empty_space height=\u00a0\u00bb15px\u00a0\u00bb]\n\n\t<a href=\"https:\/\/alliancefraoste.it\/wp-content\/uploads\/2024\/08\/DELF-SCOLAIRE-novembre-2024.pdf\" target=\"_blank\" style=\"color: #ffffff;background-color: #b10025\" class=\"qode-btn qode-btn-medium qode-btn-solid qode-btn-icon qode-btn-icon-rotate\"  >\n\t    <span class=\"qode-btn-text\">Novembre<\/span><span class=\"qode-button-v2-icon-holder\"  ><i class=\"qode_icon_font_awesome fa fa-file-pdf-o qode-button-v2-icon-holder-inner\" ><\/i><\/span>\t<\/a>\n\n[vc_empty_space height=\u00a0\u00bb15px\u00a0\u00bb]\n\n\t<a href=\"https:\/\/alliancefraoste.it\/wp-content\/uploads\/2024\/08\/DELF-SCOLAIRE-febbraio-2025.pdf\" target=\"_blank\" style=\"color: #ffffff;background-color: #b10025\" class=\"qode-btn qode-btn-medium qode-btn-solid qode-btn-icon qode-btn-icon-rotate\"  >\n\t    <span class=\"qode-btn-text\">F\u00e9vrier<\/span><span class=\"qode-button-v2-icon-holder\"  ><i class=\"qode_icon_font_awesome fa fa-file-pdf-o qode-button-v2-icon-holder-inner\" ><\/i><\/span>\t<\/a>\n\n[vc_empty_space height=\u00a0\u00bb15px\u00a0\u00bb]\n\n\t<a href=\"https:\/\/alliancefraoste.it\/wp-content\/uploads\/2024\/08\/DELF-SCOLAIRE-maggio-2025.pdf\" target=\"_blank\" style=\"color: #ffffff;background-color: #b10025\" class=\"qode-btn qode-btn-medium qode-btn-solid qode-btn-icon qode-btn-icon-rotate\"  >\n\t    <span class=\"qode-btn-text\">Mai<\/span><span class=\"qode-button-v2-icon-holder\"  ><i class=\"qode_icon_font_awesome fa fa-file-pdf-o qode-button-v2-icon-holder-inner\" ><\/i><\/span>\t<\/a>\n\n[vc_empty_space height=\u00a0\u00bb15px\u00a0\u00bb]    <\/div>\n<\/div><\/div><div class=\"qode-accordion-holder clearfix qode-toggle qode-initial \">\n\t<h2 class=\"clearfix qode-title-holder\">\n<span class=\"qode-tab-title\">\n\t\t\t<span class=\"qode-tab-title-icon\">\n\t\t\t<i class=\"qode_icon_font_awesome fa fa-book \" ><\/i>\t\t<\/span>\n\t    <span class=\"qode-tab-title-inner\">\n        DELF-DALF TOUT PUBLIC    <\/span>\n<\/span>\n<span class=\"qode-accordion-mark\">\n    <span class=\"qode-accordion-mark-icon\">\n        <span class=\"icon_plus\"><\/span>\n        <span class=\"icon_minus-06\"><\/span>\n    <\/span>\n<\/span>\n<\/h2>\n<div  class=\"qode-accordion-content qode-acc-title-with-icon\" >\n    <div class=\"qode-accordion-content-inner\">\n        [vc_empty_space height=\u00a0\u00bb15px\u00a0\u00bb][vc_column_text]Le DELF-DALF TOUT PUBLIC est un dipl\u00f4me qui s&rsquo;adresse principalement\u00a0\u00e0 un public adulte qui permet d&rsquo;attester des connaissances du fran\u00e7ais \u00e0 tous les niveaux : le DELF TP certifie les niveaux A1, A2, B1 et B2, tandis que le DALF TP certifie les niveaux C1 et C2..<\/p>\n<p>Obtenir une certification linguistique pour la langue fran\u00e7aise est importante car:<\/p>\n<ul>\n<li>C&rsquo;est un passeport linguistique pour la mobilit\u00e9 en Europe et dans le monde<\/li>\n<li>C&rsquo;est une qualification qui valorise votre CV<\/li>\n<li>Elle ouvre les portes du monde du travail en Italie, en France et dans les pays francophones<\/li>\n<li>Le R\u00e8glement R\u00e9gional n. 1 du 12 f\u00e9vrier 2013 pr\u00e9cise que les dipl\u00f4mes DELF et DALF sont des dipl\u00f4mes valables en terme\u00a0d&rsquo;exemption\u00a0de l&rsquo;examen des concours publics<\/li>\n<\/ul>\n<p>[\/vc_column_text][vc_empty_space height=\u00a0\u00bb15px\u00a0\u00bb][vc_single_image image=\u00a0\u00bb556&Prime; img_size=\u00a0\u00bbfull\u00a0\u00bb alignment=\u00a0\u00bbcenter\u00a0\u00bb qode_css_animation=\u00a0\u00bb\u00a0\u00bb][vc_empty_space height=\u00a0\u00bb15px\u00a0\u00bb][vc_column_text]Pour savoir les dates des\u00a0prochaines sessions\u00a0du DELF-DALF TOUT PUBLIC, consultez le\u00a0calendrier. Pour vous inscrire, t\u00e9l\u00e9charger, remplir et envoyer les<a href=\"https:\/\/alliancefraoste.it\/wp-content\/uploads\/2024\/08\/Modulo-iscrizione-DELF-DALF-TP-24-25.pdf\">\u00a0formulaires<\/a>\u00a0\u00e0\u00a0<a href=\"mailto:secretariat@alliancefraoste.it\">secretariat@alliancefraoste.it<\/a>[\/vc_column_text][vc_empty_space height=\u00a0\u00bb15px\u00a0\u00bb]\n\n\t<a href=\"https:\/\/alliancefraoste.it\/wp-content\/uploads\/2024\/08\/Calendrier-DELF-DALF-TP-2024-2025.pdf\" target=\"_blank\" style=\"color: #ffffff;background-color: #b10025\" class=\"qode-btn qode-btn-medium qode-btn-solid qode-btn-icon qode-btn-icon-rotate\"  >\n\t    <span class=\"qode-btn-text\">Calendrier DELF-DALF Tout Public<\/span><span class=\"qode-button-v2-icon-holder\"  ><i class=\"qode_icon_font_awesome fa fa-file-pdf-o qode-button-v2-icon-holder-inner\" ><\/i><\/span>\t<\/a>\n\n[vc_empty_space height=\u00a0\u00bb15px\u00a0\u00bb][vc_column_text]<\/p>\n<h4>Calendrier cours de pr\u00e9paration TP<\/h4>\n<p>[\/vc_column_text]\n\n\t<a href=\"https:\/\/alliancefraoste.it\/wp-content\/uploads\/2024\/08\/Calendari-corsi-di-preparazione-DELF-DALF-2024-2025.pdf\" target=\"_blank\" style=\"color: #ffffff;background-color: #b10025\" class=\"qode-btn qode-btn-medium qode-btn-solid qode-btn-icon qode-btn-icon-rotate\"  >\n\t    <span class=\"qode-btn-text\">Calendriers cours de pr\u00e9paration DELF-DALF 2024\/2025<\/span><span class=\"qode-button-v2-icon-holder\"  ><i class=\"qode_icon_font_awesome fa fa-file-pdf-o qode-button-v2-icon-holder-inner\" ><\/i><\/span>\t<\/a>\n\n\n\n\t<a href=\"https:\/\/alliancefraoste.it\/wp-content\/uploads\/2024\/08\/DELF-DALF-novembre-2024.pdf\" target=\"_blank\" style=\"color: #ffffff;background-color: #b10025\" class=\"qode-btn qode-btn-medium qode-btn-solid qode-btn-icon qode-btn-icon-rotate\"  >\n\t    <span class=\"qode-btn-text\">Novembre<\/span><span class=\"qode-button-v2-icon-holder\"  ><i class=\"qode_icon_font_awesome fa fa-file-pdf-o qode-button-v2-icon-holder-inner\" ><\/i><\/span>\t<\/a>\n\n\n\n\t<a href=\"https:\/\/alliancefraoste.it\/wp-content\/uploads\/2024\/08\/DELF-DALF-febbraio-2025.pdf\" target=\"_blank\" style=\"color: #ffffff;background-color: #b10025\" class=\"qode-btn qode-btn-medium qode-btn-solid qode-btn-icon qode-btn-icon-rotate\"  >\n\t    <span class=\"qode-btn-text\">F\u00e9vrier<\/span><span class=\"qode-button-v2-icon-holder\"  ><i class=\"qode_icon_font_awesome fa fa-file-pdf-o qode-button-v2-icon-holder-inner\" ><\/i><\/span>\t<\/a>\n\n\n\n\t<a href=\"https:\/\/alliancefraoste.it\/wp-content\/uploads\/2024\/08\/DELF-DALF-aprile-2025.pdf\" target=\"_blank\" style=\"color: #ffffff;background-color: #b10025\" class=\"qode-btn qode-btn-medium qode-btn-solid qode-btn-icon qode-btn-icon-rotate\"  >\n\t    <span class=\"qode-btn-text\">Avril<\/span><span class=\"qode-button-v2-icon-holder\"  ><i class=\"qode_icon_font_awesome fa fa-file-pdf-o qode-button-v2-icon-holder-inner\" ><\/i><\/span>\t<\/a>\n\n\n\n\t<a href=\"https:\/\/alliancefraoste.it\/wp-content\/uploads\/2024\/08\/DELF-DALF-giugno-2025.pdf\" target=\"_blank\" style=\"color: #ffffff;background-color: #b10025\" class=\"qode-btn qode-btn-medium qode-btn-solid qode-btn-icon qode-btn-icon-rotate\"  >\n\t    <span class=\"qode-btn-text\">Juin<\/span><span class=\"qode-button-v2-icon-holder\"  ><i class=\"qode_icon_font_awesome fa fa-file-pdf-o qode-button-v2-icon-holder-inner\" ><\/i><\/span>\t<\/a>\n\n    <\/div>\n<\/div><\/div><div class=\"qode-accordion-holder clearfix qode-toggle qode-initial \">\n\t<h2 class=\"clearfix qode-title-holder\">\n<span class=\"qode-tab-title\">\n\t\t\t<span class=\"qode-tab-title-icon\">\n\t\t\t<i class=\"qode_icon_font_awesome fa fa-book \" ><\/i>\t\t<\/span>\n\t    <span class=\"qode-tab-title-inner\">\n        Tarifs DELF\/DALF    <\/span>\n<\/span>\n<span class=\"qode-accordion-mark\">\n    <span class=\"qode-accordion-mark-icon\">\n        <span class=\"icon_plus\"><\/span>\n        <span class=\"icon_minus-06\"><\/span>\n    <\/span>\n<\/span>\n<\/h2>\n<div  class=\"qode-accordion-content qode-acc-title-with-icon\" >\n    <div class=\"qode-accordion-content-inner\">\n        [vc_empty_space height=\u00a0\u00bb15px\u00a0\u00bb]\n\n\t<a href=\"https:\/\/alliancefraoste.it\/wp-content\/uploads\/2022\/11\/tarifs_delf-dalf_2022-23.pdf\" target=\"_blank\" style=\"color: #ffffff;background-color: #b10025\" class=\"qode-btn qode-btn-medium qode-btn-solid qode-btn-icon qode-btn-icon-rotate\"  >\n\t    <span class=\"qode-btn-text\">Tarifs<\/span><span class=\"qode-button-v2-icon-holder\"  ><i class=\"qode_icon_font_awesome fa fa-file-pdf-o qode-button-v2-icon-holder-inner\" ><\/i><\/span>\t<\/a>\n\n[vc_empty_space height=\u00a0\u00bb15px\u00a0\u00bb]    <\/div>\n<\/div><\/div>[\/qode_elements_holder_item][\/qode_elements_holder][vc_empty_space][\/vc_column][\/vc_row][vc_row css_animation=\u00a0\u00bb\u00a0\u00bb row_type=\u00a0\u00bbrow\u00a0\u00bb use_row_as_full_screen_section=\u00a0\u00bbno\u00a0\u00bb type=\u00a0\u00bbgrid\u00a0\u00bb angled_section=\u00a0\u00bbno\u00a0\u00bb text_align=\u00a0\u00bbleft\u00a0\u00bb background_image_as_pattern=\u00a0\u00bbwithout_pattern\u00a0\u00bb z_index=\u00a0\u00bb\u00a0\u00bb css=\u00a0\u00bb.vc_custom_1702392155406{background-color: #b10025 !important;}\u00a0\u00bb][vc_column][vc_empty_space][vc_column_text]<\/p>\n<h3 style=\"text-align: center; color: white;\"><strong>R\u00c9SULTATS DE LA SESSION DELF\/DALF TOUT PUBLIC JUIN 2024<\/strong><\/h3>\n<p>[\/vc_column_text][vc_empty_space][qode_elements_holder number_of_columns=\u00a0\u00bbthree_columns\u00a0\u00bb][qode_elements_holder_item horizontal_alignment=\u00a0\u00bbcenter\u00a0\u00bb advanced_animations=\u00a0\u00bbno\u00a0\u00bb]\n\n\t<a href=\"https:\/\/alliancefraoste.it\/wp-content\/uploads\/2024\/07\/Tableau-resultats-DELF-B2-TP-session-juin-2024.pdf\" target=\"_blank\" style=\"color: #b10025;background-color: #ffffff;font-weight: 600\" class=\"qode-btn qode-btn-medium qode-btn-solid qode-btn-icon qode-btn-icon-rotate\"  >\n\t    <span class=\"qode-btn-text\">DELF B1 TP Juin<\/span><span class=\"qode-button-v2-icon-holder\"  ><i class=\"qode_icon_font_awesome fa fa-file-pdf-o qode-button-v2-icon-holder-inner\" ><\/i><\/span>\t<\/a>\n\n[\/qode_elements_holder_item][qode_elements_holder_item horizontal_alignment=\u00a0\u00bbcenter\u00a0\u00bb advanced_animations=\u00a0\u00bbno\u00a0\u00bb]\n\n\t<a href=\"https:\/\/alliancefraoste.it\/wp-content\/uploads\/2024\/07\/Tableau-resultats-DELF-B1-TP-session-juin-2024.pdf\" target=\"_blank\" style=\"color: #b10025;background-color: #ffffff;font-weight: 600\" class=\"qode-btn qode-btn-medium qode-btn-solid qode-btn-icon qode-btn-icon-rotate\"  >\n\t    <span class=\"qode-btn-text\">DELF B1 TP Juin 2024<\/span><span class=\"qode-button-v2-icon-holder\"  ><i class=\"qode_icon_font_awesome fa fa-file-pdf-o qode-button-v2-icon-holder-inner\" ><\/i><\/span>\t<\/a>\n\n[\/qode_elements_holder_item][qode_elements_holder_item horizontal_alignment=\u00a0\u00bbcenter\u00a0\u00bb advanced_animations=\u00a0\u00bbno\u00a0\u00bb]\n\n\t<a href=\"https:\/\/alliancefraoste.it\/wp-content\/uploads\/2024\/07\/Tableau-resultats-DALF-C1-TP-session-juin-2024.pdf\" target=\"_blank\" style=\"color: #b10025;background-color: #ffffff;font-weight: 600\" class=\"qode-btn qode-btn-medium qode-btn-solid qode-btn-icon qode-btn-icon-rotate\"  >\n\t    <span class=\"qode-btn-text\">DALF C1 TP Juin 2024<\/span><span class=\"qode-button-v2-icon-holder\"  ><i class=\"qode_icon_font_awesome fa fa-file-pdf-o qode-button-v2-icon-holder-inner\" ><\/i><\/span>\t<\/a>\n\n[\/qode_elements_holder_item][qode_elements_holder_item horizontal_alignment=\u00a0\u00bbcenter\u00a0\u00bb advanced_animations=\u00a0\u00bbno\u00a0\u00bb]\n\n\t<a href=\"https:\/\/alliancefraoste.it\/wp-content\/uploads\/2024\/07\/Tableau-resultats-DALF-C2-TP-session-juin-2024.pdf\" target=\"_blank\" style=\"color: #b10025;background-color: #ffffff;font-weight: 600\" class=\"qode-btn qode-btn-medium qode-btn-solid qode-btn-icon qode-btn-icon-rotate\"  >\n\t    <span class=\"qode-btn-text\">DALF C2 TP Juin 2024<\/span><span class=\"qode-button-v2-icon-holder\"  ><i class=\"qode_icon_font_awesome fa fa-file-pdf-o qode-button-v2-icon-holder-inner\" ><\/i><\/span>\t<\/a>\n\n[\/qode_elements_holder_item][\/qode_elements_holder][vc_empty_space height=\u00a0\u00bb30px\u00a0\u00bb][\/vc_column][\/vc_row]<\/p>\n<\/section>","protected":false},"excerpt":{"rendered":"<p>[vc_row css_animation=\u00a0\u00bb\u00a0\u00bb row_type=\u00a0\u00bbrow\u00a0\u00bb use_row_as_full_screen_section=\u00a0\u00bbno\u00a0\u00bb type=\u00a0\u00bbgrid\u00a0\u00bb angled_section=\u00a0\u00bbno\u00a0\u00bb text_align=\u00a0\u00bbleft\u00a0\u00bb background_image_as_pattern=\u00a0\u00bbwithout_pattern\u00a0\u00bb z_index=\u00a0\u00bb\u00a0\u00bb][vc_column][vc_single_image image=\u00a0\u00bb550&Prime; img_size=\u00a0\u00bbfull\u00a0\u00bb alignment=\u00a0\u00bbcenter\u00a0\u00bb qode_css_animation=\u00a0\u00bb\u00a0\u00bb][qode_elements_holder number_of_columns=\u00a0\u00bbone_column\u00a0\u00bb][qode_elements_holder_item advanced_animations=\u00a0\u00bbno\u00a0\u00bb item_padding=\u00a0\u00bb5% 5% 0% 5%\u00a0\u00bb][vc_column_text] DELF\/DALF Les dipl\u00f4mes DELF\/DALF\u00a0sont des certifications\u00a0pour tous ceux qui souhaitent certifier leurs comp\u00e9tences linguistiques en fran\u00e7ais. Le\u00a0DELF\u00a0est le\u00a0Dipl\u00f4me d&rsquo;\u00c9tudes en Langue Fran\u00e7aise, tandis que le\u00a0DALF\u00a0est le\u00a0Dipl\u00f4me&#8230;<\/p>\n","protected":false},"author":1,"featured_media":0,"parent":0,"menu_order":0,"comment_status":"closed","ping_status":"closed","template":"full_width.php","meta":{"footnotes":""},"class_list":["post-670","page","type-page","status-publish","hentry"],"yoast_head":"<!-- This site is optimized with the Yoast SEO plugin v27.4 - https:\/\/yoast.com\/product\/yoast-seo-wordpress\/ -->\n<title>DELF e DALF - Alliance Francaise<\/title>\n<meta name=\"robots\" content=\"index, follow, max-snippet:-1, max-image-preview:large, max-video-preview:-1\" \/>\n<link rel=\"canonical\" href=\"https:\/\/alliancefraoste.it\/fr\/delf-e-dalf\/\" \/>\n<meta property=\"og:locale\" content=\"fr_FR\" \/>\n<meta property=\"og:type\" content=\"article\" \/>\n<meta property=\"og:title\" content=\"DELF e DALF - Alliance Francaise\" \/>\n<meta property=\"og:description\" content=\"[vc_row css_animation=\u00a0\u00bb\u00a0\u00bb row_type=\u00a0\u00bbrow\u00a0\u00bb use_row_as_full_screen_section=\u00a0\u00bbno\u00a0\u00bb type=\u00a0\u00bbgrid\u00a0\u00bb angled_section=\u00a0\u00bbno\u00a0\u00bb text_align=\u00a0\u00bbleft\u00a0\u00bb background_image_as_pattern=\u00a0\u00bbwithout_pattern\u00a0\u00bb z_index=\u00a0\u00bb\u00a0\u00bb][vc_column][vc_single_image image=\u00a0\u00bb550&Prime; img_size=\u00a0\u00bbfull\u00a0\u00bb alignment=\u00a0\u00bbcenter\u00a0\u00bb qode_css_animation=\u00a0\u00bb\u00a0\u00bb][qode_elements_holder number_of_columns=\u00a0\u00bbone_column\u00a0\u00bb][qode_elements_holder_item advanced_animations=\u00a0\u00bbno\u00a0\u00bb item_padding=\u00a0\u00bb5% 5% 0% 5%\u00a0\u00bb][vc_column_text] DELF\/DALF Les dipl\u00f4mes DELF\/DALF\u00a0sont des certifications\u00a0pour tous ceux qui souhaitent certifier leurs comp\u00e9tences linguistiques en fran\u00e7ais. Le\u00a0DELF\u00a0est le\u00a0Dipl\u00f4me d&rsquo;\u00c9tudes en Langue Fran\u00e7aise, tandis que le\u00a0DALF\u00a0est le\u00a0Dipl\u00f4me...\" \/>\n<meta property=\"og:url\" content=\"https:\/\/alliancefraoste.it\/fr\/delf-e-dalf\/\" \/>\n<meta property=\"og:site_name\" content=\"Alliance Francaise\" \/>\n<meta property=\"article:modified_time\" content=\"2024-08-26T06:18:01+00:00\" \/>\n<meta name=\"twitter:card\" content=\"summary_large_image\" \/>\n<meta name=\"twitter:label1\" content=\"Dur\u00e9e de lecture estim\u00e9e\" \/>\n\t<meta name=\"twitter:data1\" content=\"5 minutes\" \/>\n<script type=\"application\/ld+json\" class=\"yoast-schema-graph\">{\"@context\":\"https:\\\/\\\/schema.org\",\"@graph\":[{\"@type\":\"WebPage\",\"@id\":\"https:\\\/\\\/alliancefraoste.it\\\/fr\\\/delf-e-dalf\\\/\",\"url\":\"https:\\\/\\\/alliancefraoste.it\\\/fr\\\/delf-e-dalf\\\/\",\"name\":\"DELF e DALF - Alliance Francaise\",\"isPartOf\":{\"@id\":\"https:\\\/\\\/alliancefraoste.it\\\/#website\"},\"datePublished\":\"2022-11-30T13:58:43+00:00\",\"dateModified\":\"2024-08-26T06:18:01+00:00\",\"breadcrumb\":{\"@id\":\"https:\\\/\\\/alliancefraoste.it\\\/fr\\\/delf-e-dalf\\\/#breadcrumb\"},\"inLanguage\":\"fr-FR\",\"potentialAction\":[{\"@type\":\"ReadAction\",\"target\":[\"https:\\\/\\\/alliancefraoste.it\\\/fr\\\/delf-e-dalf\\\/\"]}]},{\"@type\":\"BreadcrumbList\",\"@id\":\"https:\\\/\\\/alliancefraoste.it\\\/fr\\\/delf-e-dalf\\\/#breadcrumb\",\"itemListElement\":[{\"@type\":\"ListItem\",\"position\":1,\"name\":\"Home\",\"item\":\"https:\\\/\\\/alliancefraoste.it\\\/fr\\\/\"},{\"@type\":\"ListItem\",\"position\":2,\"name\":\"DELF e DALF\"}]},{\"@type\":\"WebSite\",\"@id\":\"https:\\\/\\\/alliancefraoste.it\\\/#website\",\"url\":\"https:\\\/\\\/alliancefraoste.it\\\/\",\"name\":\"Alliance Francaise\",\"description\":\"Vall\u00e9e d&#039;Aoste\",\"potentialAction\":[{\"@type\":\"SearchAction\",\"target\":{\"@type\":\"EntryPoint\",\"urlTemplate\":\"https:\\\/\\\/alliancefraoste.it\\\/?s={search_term_string}\"},\"query-input\":{\"@type\":\"PropertyValueSpecification\",\"valueRequired\":true,\"valueName\":\"search_term_string\"}}],\"inLanguage\":\"fr-FR\"}]}<\/script>\n<!-- \/ Yoast SEO plugin. -->","yoast_head_json":{"title":"DELF e DALF - Alliance Francaise","robots":{"index":"index","follow":"follow","max-snippet":"max-snippet:-1","max-image-preview":"max-image-preview:large","max-video-preview":"max-video-preview:-1"},"canonical":"https:\/\/alliancefraoste.it\/fr\/delf-e-dalf\/","og_locale":"fr_FR","og_type":"article","og_title":"DELF e DALF - Alliance Francaise","og_description":"[vc_row css_animation=\u00a0\u00bb\u00a0\u00bb row_type=\u00a0\u00bbrow\u00a0\u00bb use_row_as_full_screen_section=\u00a0\u00bbno\u00a0\u00bb type=\u00a0\u00bbgrid\u00a0\u00bb angled_section=\u00a0\u00bbno\u00a0\u00bb text_align=\u00a0\u00bbleft\u00a0\u00bb background_image_as_pattern=\u00a0\u00bbwithout_pattern\u00a0\u00bb z_index=\u00a0\u00bb\u00a0\u00bb][vc_column][vc_single_image image=\u00a0\u00bb550&Prime; img_size=\u00a0\u00bbfull\u00a0\u00bb alignment=\u00a0\u00bbcenter\u00a0\u00bb qode_css_animation=\u00a0\u00bb\u00a0\u00bb][qode_elements_holder number_of_columns=\u00a0\u00bbone_column\u00a0\u00bb][qode_elements_holder_item advanced_animations=\u00a0\u00bbno\u00a0\u00bb item_padding=\u00a0\u00bb5% 5% 0% 5%\u00a0\u00bb][vc_column_text] DELF\/DALF Les dipl\u00f4mes DELF\/DALF\u00a0sont des certifications\u00a0pour tous ceux qui souhaitent certifier leurs comp\u00e9tences linguistiques en fran\u00e7ais. Le\u00a0DELF\u00a0est le\u00a0Dipl\u00f4me d&rsquo;\u00c9tudes en Langue Fran\u00e7aise, tandis que le\u00a0DALF\u00a0est le\u00a0Dipl\u00f4me...","og_url":"https:\/\/alliancefraoste.it\/fr\/delf-e-dalf\/","og_site_name":"Alliance Francaise","article_modified_time":"2024-08-26T06:18:01+00:00","twitter_card":"summary_large_image","twitter_misc":{"Dur\u00e9e de lecture estim\u00e9e":"5 minutes"},"schema":{"@context":"https:\/\/schema.org","@graph":[{"@type":"WebPage","@id":"https:\/\/alliancefraoste.it\/fr\/delf-e-dalf\/","url":"https:\/\/alliancefraoste.it\/fr\/delf-e-dalf\/","name":"DELF e DALF - Alliance Francaise","isPartOf":{"@id":"https:\/\/alliancefraoste.it\/#website"},"datePublished":"2022-11-30T13:58:43+00:00","dateModified":"2024-08-26T06:18:01+00:00","breadcrumb":{"@id":"https:\/\/alliancefraoste.it\/fr\/delf-e-dalf\/#breadcrumb"},"inLanguage":"fr-FR","potentialAction":[{"@type":"ReadAction","target":["https:\/\/alliancefraoste.it\/fr\/delf-e-dalf\/"]}]},{"@type":"BreadcrumbList","@id":"https:\/\/alliancefraoste.it\/fr\/delf-e-dalf\/#breadcrumb","itemListElement":[{"@type":"ListItem","position":1,"name":"Home","item":"https:\/\/alliancefraoste.it\/fr\/"},{"@type":"ListItem","position":2,"name":"DELF e DALF"}]},{"@type":"WebSite","@id":"https:\/\/alliancefraoste.it\/#website","url":"https:\/\/alliancefraoste.it\/","name":"Alliance Francaise","description":"Vall\u00e9e d&#039;Aoste","potentialAction":[{"@type":"SearchAction","target":{"@type":"EntryPoint","urlTemplate":"https:\/\/alliancefraoste.it\/?s={search_term_string}"},"query-input":{"@type":"PropertyValueSpecification","valueRequired":true,"valueName":"search_term_string"}}],"inLanguage":"fr-FR"}]}},"_links":{"self":[{"href":"https:\/\/alliancefraoste.it\/fr\/wp-json\/wp\/v2\/pages\/670","targetHints":{"allow":["GET"]}}],"collection":[{"href":"https:\/\/alliancefraoste.it\/fr\/wp-json\/wp\/v2\/pages"}],"about":[{"href":"https:\/\/alliancefraoste.it\/fr\/wp-json\/wp\/v2\/types\/page"}],"author":[{"embeddable":true,"href":"https:\/\/alliancefraoste.it\/fr\/wp-json\/wp\/v2\/users\/1"}],"replies":[{"embeddable":true,"href":"https:\/\/alliancefraoste.it\/fr\/wp-json\/wp\/v2\/comments?post=670"}],"version-history":[{"count":22,"href":"https:\/\/alliancefraoste.it\/fr\/wp-json\/wp\/v2\/pages\/670\/revisions"}],"predecessor-version":[{"id":1716,"href":"https:\/\/alliancefraoste.it\/fr\/wp-json\/wp\/v2\/pages\/670\/revisions\/1716"}],"wp:attachment":[{"href":"https:\/\/alliancefraoste.it\/fr\/wp-json\/wp\/v2\/media?parent=670"}],"curies":[{"name":"wp","href":"https:\/\/api.w.org\/{rel}","templated":true}]}}