{"id":737,"date":"2023-02-15T15:46:03","date_gmt":"2023-02-15T15:46:03","guid":{"rendered":"https:\/\/angry-banzai.34-154-125-132.plesk.page\/dfp\/"},"modified":"2023-08-11T09:57:52","modified_gmt":"2023-08-11T09:57:52","slug":"dfp","status":"publish","type":"page","link":"https:\/\/alliancefraoste.it\/fr\/dfp\/","title":{"rendered":"DFP"},"content":{"rendered":"<section class=\"wpb-content-wrapper\"><p>[vc_row css_animation=\u00a0\u00bb\u00a0\u00bb row_type=\u00a0\u00bbrow\u00a0\u00bb use_row_as_full_screen_section=\u00a0\u00bbno\u00a0\u00bb type=\u00a0\u00bbgrid\u00a0\u00bb angled_section=\u00a0\u00bbno\u00a0\u00bb text_align=\u00a0\u00bbleft\u00a0\u00bb background_image_as_pattern=\u00a0\u00bbwithout_pattern\u00a0\u00bb z_index=\u00a0\u00bb\u00a0\u00bb][vc_column][vc_single_image image=\u00a0\u00bb550&Prime; img_size=\u00a0\u00bbfull\u00a0\u00bb alignment=\u00a0\u00bbcenter\u00a0\u00bb qode_css_animation=\u00a0\u00bb\u00a0\u00bb][qode_elements_holder number_of_columns=\u00a0\u00bbone_column\u00a0\u00bb][qode_elements_holder_item advanced_animations=\u00a0\u00bbno\u00a0\u00bb item_padding=\u00a0\u00bb5% 5% 0% 5%\u00a0\u00bb][vc_column_text]<\/p>\n<h4 class=\"primo\">DFP<\/h4>\n<p>Les\u00a0dipl\u00f4mes du DFP (Dipl\u00f4me de Fran\u00e7ais Professionnel), d\u00e9livr\u00e9s par la Chambre de commerce de Paris ( CCIP), certifient la connaissance de la langue fran\u00e7aise dans les principaux domaines professionnels. Ces dipl\u00f4mes s&rsquo;adressent aux \u00e9l\u00e8ves de plus de 16 ans ou aux professionnels qui d\u00e9sirent faire \u00e9valuer et reconnaitre\u00a0leur niveau de\u00a0langue, en lien avec un domaine professionnel sp\u00e9cifique.[\/vc_column_text][vc_single_image image=\u00a0\u00bb694&Prime; img_size=\u00a0\u00bbfull\u00a0\u00bb alignment=\u00a0\u00bbcenter\u00a0\u00bb qode_css_animation=\u00a0\u00bb\u00a0\u00bb][vc_column_text]Les dipl\u00f4mes DFP d&rsquo;adressent aux personnes de plus de 16 ans ( lyc\u00e9ens et professionnels, etc) qui d\u00e9sirent enrichir ou certifier leurs comp\u00e9tences en langue fran\u00e7aise en lien avec un secteur professionnel sp\u00e9cifique. Par ailleurs, ces dipl\u00f4mes sont un atout pour r\u00e9pondre aux crit\u00e8res de s\u00e9lection du march\u00e9 du travail.<\/p>\n<p>Les dipl\u00f4mes du DFP, cr\u00e9\u00e9s en 1957 et mis \u00e0 jour en 2017, se d\u00e9clinent dans\u00a0les secteurs :\u00a0<a href=\"http:\/\/www.lefrancaisdesaffaires.fr\/tests-diplomes\/diplomes-francais-professionnel-dfp\/affaires\/\" target=\"_blank\" rel=\"noopener\">Affaires<\/a>,\u00a0<a href=\"http:\/\/www.lefrancaisdesaffaires.fr\/tests-diplomes\/diplomes-francais-professionnel-dfp\/tourisme-hotellerie-restauration\/\" target=\"_blank\" rel=\"noopener\">Tourisme \u2013 H\u00f4tellerie \u2013 Restauration<\/a>,\u00a0<a href=\"http:\/\/www.lefrancaisdesaffaires.fr\/tests-diplomes\/diplomes-francais-professionnel-dfp\/relations-internationales\/\" target=\"_blank\" rel=\"noopener\">Relations Internationales<\/a>\u00a0et\u00a0<a href=\"http:\/\/lefrancaisdesaffaires.fr\/tests-diplomes\/diplomes-francais-professionnel-dfp\/sante\/\" target=\"_blank\" rel=\"noopener\">Sant\u00e9<\/a>.<\/p>\n<p>Pour de plus amples informations, vous pouvez aller sur la page DFP du site de la\u00a0<a href=\"http:\/\/www.lefrancaisdesaffaires.fr\/tests-diplomes\/diplomes-francais-professionnel-dfp\/\" target=\"_blank\" rel=\"noopener\">Chambre de commerce et d\u2019Industrie de Paris \u00cele-de-France<\/a>,<\/p>\n<p>nous contacter au 016542331 ou nous \u00e9crire \u00e0\u00a0<a href=\"mailto:secretariat@alliancefraoste.it?subject=secretariat%40alliancefraoste.it\">secretariat@alliancefraoste.it<\/a>.[\/vc_column_text][\/qode_elements_holder_item][\/qode_elements_holder][\/vc_column][\/vc_row][vc_row css_animation=\u00a0\u00bb\u00a0\u00bb row_type=\u00a0\u00bbrow\u00a0\u00bb use_row_as_full_screen_section=\u00a0\u00bbno\u00a0\u00bb type=\u00a0\u00bbgrid\u00a0\u00bb angled_section=\u00a0\u00bbno\u00a0\u00bb text_align=\u00a0\u00bbleft\u00a0\u00bb background_image_as_pattern=\u00a0\u00bbwithout_pattern\u00a0\u00bb z_index=\u00a0\u00bb\u00a0\u00bb][vc_column][vc_empty_space][qode_elements_holder number_of_columns=\u00a0\u00bbone_column\u00a0\u00bb][qode_elements_holder_item advanced_animations=\u00a0\u00bbno\u00a0\u00bb item_padding=\u00a0\u00bb2% 5% 0% 5%\u00a0\u00bb]<div class=\"qode-accordion-holder clearfix qode-toggle qode-initial \">\n\t<h2 class=\"clearfix qode-title-holder\">\n<span class=\"qode-tab-title\">\n\t\t\t<span class=\"qode-tab-title-icon\">\n\t\t\t<i class=\"qode_icon_font_awesome fa fa-book \" ><\/i>\t\t<\/span>\n\t    <span class=\"qode-tab-title-inner\">\n        Tableau des dipl\u00f4mes par niveau et domaine professionnel    <\/span>\n<\/span>\n<span class=\"qode-accordion-mark\">\n    <span class=\"qode-accordion-mark-icon\">\n        <span class=\"icon_plus\"><\/span>\n        <span class=\"icon_minus-06\"><\/span>\n    <\/span>\n<\/span>\n<\/h2>\n<div  class=\"qode-accordion-content qode-acc-title-with-icon\" >\n    <div class=\"qode-accordion-content-inner\">\n        \n\n\t<a href=\"https:\/\/alliancefraoste.it\/wp-content\/uploads\/2023\/08\/tableau-dfp-2023.pdf\" target=\"_blank\" style=\"color: #ffffff;background-color: #b10025\" class=\"qode-btn qode-btn-medium qode-btn-solid qode-btn-icon qode-btn-icon-rotate\"  >\n\t    <span class=\"qode-btn-text\">Tableau des dipl\u00f4mes par niveau et domaine professionnel<\/span><span class=\"qode-button-v2-icon-holder\"  ><i class=\"qode_icon_font_awesome fa fa-file-pdf-o qode-button-v2-icon-holder-inner\" ><\/i><\/span>\t<\/a>\n\n    <\/div>\n<\/div><\/div>[\/qode_elements_holder_item][\/qode_elements_holder][vc_empty_space][\/vc_column][\/vc_row]<\/p>\n<\/section>","protected":false},"excerpt":{"rendered":"<p>[vc_row css_animation=\u00a0\u00bb\u00a0\u00bb row_type=\u00a0\u00bbrow\u00a0\u00bb use_row_as_full_screen_section=\u00a0\u00bbno\u00a0\u00bb type=\u00a0\u00bbgrid\u00a0\u00bb angled_section=\u00a0\u00bbno\u00a0\u00bb text_align=\u00a0\u00bbleft\u00a0\u00bb background_image_as_pattern=\u00a0\u00bbwithout_pattern\u00a0\u00bb z_index=\u00a0\u00bb\u00a0\u00bb][vc_column][vc_single_image image=\u00a0\u00bb550&Prime; img_size=\u00a0\u00bbfull\u00a0\u00bb alignment=\u00a0\u00bbcenter\u00a0\u00bb qode_css_animation=\u00a0\u00bb\u00a0\u00bb][qode_elements_holder number_of_columns=\u00a0\u00bbone_column\u00a0\u00bb][qode_elements_holder_item advanced_animations=\u00a0\u00bbno\u00a0\u00bb item_padding=\u00a0\u00bb5% 5% 0% 5%\u00a0\u00bb][vc_column_text] DFP Les\u00a0dipl\u00f4mes du DFP (Dipl\u00f4me de Fran\u00e7ais Professionnel), d\u00e9livr\u00e9s par la Chambre de commerce de Paris ( CCIP), certifient la connaissance de la langue fran\u00e7aise dans&#8230;<\/p>\n","protected":false},"author":1,"featured_media":0,"parent":0,"menu_order":0,"comment_status":"closed","ping_status":"closed","template":"full_width.php","meta":{"footnotes":""},"class_list":["post-737","page","type-page","status-publish","hentry"],"yoast_head":"<!-- This site is optimized with the Yoast SEO plugin v27.4 - https:\/\/yoast.com\/product\/yoast-seo-wordpress\/ -->\n<title>DFP - Alliance Francaise<\/title>\n<meta name=\"robots\" content=\"index, follow, max-snippet:-1, max-image-preview:large, max-video-preview:-1\" \/>\n<link rel=\"canonical\" href=\"https:\/\/alliancefraoste.it\/fr\/dfp\/\" \/>\n<meta property=\"og:locale\" content=\"fr_FR\" \/>\n<meta property=\"og:type\" content=\"article\" \/>\n<meta property=\"og:title\" content=\"DFP - Alliance Francaise\" \/>\n<meta property=\"og:description\" content=\"[vc_row css_animation=\u00a0\u00bb\u00a0\u00bb row_type=\u00a0\u00bbrow\u00a0\u00bb use_row_as_full_screen_section=\u00a0\u00bbno\u00a0\u00bb type=\u00a0\u00bbgrid\u00a0\u00bb angled_section=\u00a0\u00bbno\u00a0\u00bb text_align=\u00a0\u00bbleft\u00a0\u00bb background_image_as_pattern=\u00a0\u00bbwithout_pattern\u00a0\u00bb z_index=\u00a0\u00bb\u00a0\u00bb][vc_column][vc_single_image image=\u00a0\u00bb550&Prime; img_size=\u00a0\u00bbfull\u00a0\u00bb alignment=\u00a0\u00bbcenter\u00a0\u00bb qode_css_animation=\u00a0\u00bb\u00a0\u00bb][qode_elements_holder number_of_columns=\u00a0\u00bbone_column\u00a0\u00bb][qode_elements_holder_item advanced_animations=\u00a0\u00bbno\u00a0\u00bb item_padding=\u00a0\u00bb5% 5% 0% 5%\u00a0\u00bb][vc_column_text] DFP Les\u00a0dipl\u00f4mes du DFP (Dipl\u00f4me de Fran\u00e7ais Professionnel), d\u00e9livr\u00e9s par la Chambre de commerce de Paris ( CCIP), certifient la connaissance de la langue fran\u00e7aise dans...\" \/>\n<meta property=\"og:url\" content=\"https:\/\/alliancefraoste.it\/fr\/dfp\/\" \/>\n<meta property=\"og:site_name\" content=\"Alliance Francaise\" \/>\n<meta property=\"article:modified_time\" content=\"2023-08-11T09:57:52+00:00\" \/>\n<meta name=\"twitter:card\" content=\"summary_large_image\" \/>\n<meta name=\"twitter:label1\" content=\"Dur\u00e9e de lecture estim\u00e9e\" \/>\n\t<meta name=\"twitter:data1\" content=\"2 minutes\" \/>\n<script type=\"application\/ld+json\" class=\"yoast-schema-graph\">{\"@context\":\"https:\\\/\\\/schema.org\",\"@graph\":[{\"@type\":\"WebPage\",\"@id\":\"https:\\\/\\\/alliancefraoste.it\\\/fr\\\/dfp\\\/\",\"url\":\"https:\\\/\\\/alliancefraoste.it\\\/fr\\\/dfp\\\/\",\"name\":\"DFP - Alliance Francaise\",\"isPartOf\":{\"@id\":\"https:\\\/\\\/alliancefraoste.it\\\/#website\"},\"datePublished\":\"2023-02-15T15:46:03+00:00\",\"dateModified\":\"2023-08-11T09:57:52+00:00\",\"breadcrumb\":{\"@id\":\"https:\\\/\\\/alliancefraoste.it\\\/fr\\\/dfp\\\/#breadcrumb\"},\"inLanguage\":\"fr-FR\",\"potentialAction\":[{\"@type\":\"ReadAction\",\"target\":[\"https:\\\/\\\/alliancefraoste.it\\\/fr\\\/dfp\\\/\"]}]},{\"@type\":\"BreadcrumbList\",\"@id\":\"https:\\\/\\\/alliancefraoste.it\\\/fr\\\/dfp\\\/#breadcrumb\",\"itemListElement\":[{\"@type\":\"ListItem\",\"position\":1,\"name\":\"Home\",\"item\":\"https:\\\/\\\/alliancefraoste.it\\\/fr\\\/\"},{\"@type\":\"ListItem\",\"position\":2,\"name\":\"DFP\"}]},{\"@type\":\"WebSite\",\"@id\":\"https:\\\/\\\/alliancefraoste.it\\\/#website\",\"url\":\"https:\\\/\\\/alliancefraoste.it\\\/\",\"name\":\"Alliance Francaise\",\"description\":\"Vall\u00e9e d&#039;Aoste\",\"potentialAction\":[{\"@type\":\"SearchAction\",\"target\":{\"@type\":\"EntryPoint\",\"urlTemplate\":\"https:\\\/\\\/alliancefraoste.it\\\/?s={search_term_string}\"},\"query-input\":{\"@type\":\"PropertyValueSpecification\",\"valueRequired\":true,\"valueName\":\"search_term_string\"}}],\"inLanguage\":\"fr-FR\"}]}<\/script>\n<!-- \/ Yoast SEO plugin. -->","yoast_head_json":{"title":"DFP - Alliance Francaise","robots":{"index":"index","follow":"follow","max-snippet":"max-snippet:-1","max-image-preview":"max-image-preview:large","max-video-preview":"max-video-preview:-1"},"canonical":"https:\/\/alliancefraoste.it\/fr\/dfp\/","og_locale":"fr_FR","og_type":"article","og_title":"DFP - Alliance Francaise","og_description":"[vc_row css_animation=\u00a0\u00bb\u00a0\u00bb row_type=\u00a0\u00bbrow\u00a0\u00bb use_row_as_full_screen_section=\u00a0\u00bbno\u00a0\u00bb type=\u00a0\u00bbgrid\u00a0\u00bb angled_section=\u00a0\u00bbno\u00a0\u00bb text_align=\u00a0\u00bbleft\u00a0\u00bb background_image_as_pattern=\u00a0\u00bbwithout_pattern\u00a0\u00bb z_index=\u00a0\u00bb\u00a0\u00bb][vc_column][vc_single_image image=\u00a0\u00bb550&Prime; img_size=\u00a0\u00bbfull\u00a0\u00bb alignment=\u00a0\u00bbcenter\u00a0\u00bb qode_css_animation=\u00a0\u00bb\u00a0\u00bb][qode_elements_holder number_of_columns=\u00a0\u00bbone_column\u00a0\u00bb][qode_elements_holder_item advanced_animations=\u00a0\u00bbno\u00a0\u00bb item_padding=\u00a0\u00bb5% 5% 0% 5%\u00a0\u00bb][vc_column_text] DFP Les\u00a0dipl\u00f4mes du DFP (Dipl\u00f4me de Fran\u00e7ais Professionnel), d\u00e9livr\u00e9s par la Chambre de commerce de Paris ( CCIP), certifient la connaissance de la langue fran\u00e7aise dans...","og_url":"https:\/\/alliancefraoste.it\/fr\/dfp\/","og_site_name":"Alliance Francaise","article_modified_time":"2023-08-11T09:57:52+00:00","twitter_card":"summary_large_image","twitter_misc":{"Dur\u00e9e de lecture estim\u00e9e":"2 minutes"},"schema":{"@context":"https:\/\/schema.org","@graph":[{"@type":"WebPage","@id":"https:\/\/alliancefraoste.it\/fr\/dfp\/","url":"https:\/\/alliancefraoste.it\/fr\/dfp\/","name":"DFP - Alliance Francaise","isPartOf":{"@id":"https:\/\/alliancefraoste.it\/#website"},"datePublished":"2023-02-15T15:46:03+00:00","dateModified":"2023-08-11T09:57:52+00:00","breadcrumb":{"@id":"https:\/\/alliancefraoste.it\/fr\/dfp\/#breadcrumb"},"inLanguage":"fr-FR","potentialAction":[{"@type":"ReadAction","target":["https:\/\/alliancefraoste.it\/fr\/dfp\/"]}]},{"@type":"BreadcrumbList","@id":"https:\/\/alliancefraoste.it\/fr\/dfp\/#breadcrumb","itemListElement":[{"@type":"ListItem","position":1,"name":"Home","item":"https:\/\/alliancefraoste.it\/fr\/"},{"@type":"ListItem","position":2,"name":"DFP"}]},{"@type":"WebSite","@id":"https:\/\/alliancefraoste.it\/#website","url":"https:\/\/alliancefraoste.it\/","name":"Alliance Francaise","description":"Vall\u00e9e d&#039;Aoste","potentialAction":[{"@type":"SearchAction","target":{"@type":"EntryPoint","urlTemplate":"https:\/\/alliancefraoste.it\/?s={search_term_string}"},"query-input":{"@type":"PropertyValueSpecification","valueRequired":true,"valueName":"search_term_string"}}],"inLanguage":"fr-FR"}]}},"_links":{"self":[{"href":"https:\/\/alliancefraoste.it\/fr\/wp-json\/wp\/v2\/pages\/737","targetHints":{"allow":["GET"]}}],"collection":[{"href":"https:\/\/alliancefraoste.it\/fr\/wp-json\/wp\/v2\/pages"}],"about":[{"href":"https:\/\/alliancefraoste.it\/fr\/wp-json\/wp\/v2\/types\/page"}],"author":[{"embeddable":true,"href":"https:\/\/alliancefraoste.it\/fr\/wp-json\/wp\/v2\/users\/1"}],"replies":[{"embeddable":true,"href":"https:\/\/alliancefraoste.it\/fr\/wp-json\/wp\/v2\/comments?post=737"}],"version-history":[{"count":7,"href":"https:\/\/alliancefraoste.it\/fr\/wp-json\/wp\/v2\/pages\/737\/revisions"}],"predecessor-version":[{"id":1034,"href":"https:\/\/alliancefraoste.it\/fr\/wp-json\/wp\/v2\/pages\/737\/revisions\/1034"}],"wp:attachment":[{"href":"https:\/\/alliancefraoste.it\/fr\/wp-json\/wp\/v2\/media?parent=737"}],"curies":[{"name":"wp","href":"https:\/\/api.w.org\/{rel}","templated":true}]}}